{"id":455,"date":"2019-03-07T10:37:13","date_gmt":"2019-03-07T09:37:13","guid":{"rendered":"http:\/\/www.wp.minipferd.de\/?page_id=455"},"modified":"2025-05-14T09:33:13","modified_gmt":"2025-05-14T07:33:13","slug":"shows","status":"publish","type":"page","link":"https:\/\/www.minipferd.de\/?page_id=455","title":{"rendered":"Shows"},"content":{"rendered":"\n<p><span style=\"color: #ffcc00;\">Mit unseren Miniaturpferden besuchen wir regelm\u00e4\u00dfig internationale Shows und sind \u00a0im Fernsehen\u00a0 zu sehen. Wir konnten uns bereits zahlreiche internationale Titel auf Miniaturpferdeshows sichern! <\/span><span style=\"color: #ffcc00;\"> <\/span><span style=\"color: #ffcc00;\">Unsere Minis sind au\u00dferdem als Filmpferde t\u00e4tig und werden immer wieder mal als Filmpferdchen gebucht.<\/span><\/p>\n\n\n\n<figure class=\"wp-block-gallery has-nested-images columns-default is-cropped wp-block-gallery-1 is-layout-flex wp-block-gallery-is-layout-flex\">\n<figure class=\"wp-block-image size-large\"><img loading=\"lazy\" decoding=\"async\" width=\"943\" height=\"1024\" data-id=\"2735\" src=\"http:\/\/www.minipferd.de\/wp-content\/uploads\/2024\/09\/IMG_7666-943x1024.jpg\" alt=\"\" class=\"wp-image-2735\" srcset=\"https:\/\/www.minipferd.de\/wp-content\/uploads\/2024\/09\/IMG_7666-943x1024.jpg 943w, https:\/\/www.minipferd.de\/wp-content\/uploads\/2024\/09\/IMG_7666-276x300.jpg 276w, https:\/\/www.minipferd.de\/wp-content\/uploads\/2024\/09\/IMG_7666-768x834.jpg 768w, https:\/\/www.minipferd.de\/wp-content\/uploads\/2024\/09\/IMG_7666.jpg 1179w\" sizes=\"(max-width: 943px) 100vw, 943px\" \/><\/figure>\n\n\n\n<figure class=\"wp-block-image size-large\"><img loading=\"lazy\" decoding=\"async\" width=\"1024\" height=\"753\" data-id=\"2594\" src=\"http:\/\/www.minipferd.de\/wp-content\/uploads\/2024\/08\/IMG_6587-1024x753.jpg\" alt=\"\" class=\"wp-image-2594\" srcset=\"https:\/\/www.minipferd.de\/wp-content\/uploads\/2024\/08\/IMG_6587-1024x753.jpg 1024w, https:\/\/www.minipferd.de\/wp-content\/uploads\/2024\/08\/IMG_6587-300x220.jpg 300w, https:\/\/www.minipferd.de\/wp-content\/uploads\/2024\/08\/IMG_6587-768x564.jpg 768w, https:\/\/www.minipferd.de\/wp-content\/uploads\/2024\/08\/IMG_6587-1536x1129.jpg 1536w, https:\/\/www.minipferd.de\/wp-content\/uploads\/2024\/08\/IMG_6587-1320x970.jpg 1320w, https:\/\/www.minipferd.de\/wp-content\/uploads\/2024\/08\/IMG_6587.jpg 1709w\" sizes=\"(max-width: 1024px) 100vw, 1024px\" \/><\/figure>\n\n\n\n<figure class=\"wp-block-image size-large\"><img loading=\"lazy\" decoding=\"async\" width=\"1024\" height=\"683\" data-id=\"2272\" src=\"http:\/\/www.minipferd.de\/wp-content\/uploads\/2024\/05\/0A4A6802-1024x683.jpg\" alt=\"\" class=\"wp-image-2272\" srcset=\"https:\/\/www.minipferd.de\/wp-content\/uploads\/2024\/05\/0A4A6802-1024x683.jpg 1024w, https:\/\/www.minipferd.de\/wp-content\/uploads\/2024\/05\/0A4A6802-300x200.jpg 300w, https:\/\/www.minipferd.de\/wp-content\/uploads\/2024\/05\/0A4A6802-768x512.jpg 768w, https:\/\/www.minipferd.de\/wp-content\/uploads\/2024\/05\/0A4A6802-1536x1024.jpg 1536w, https:\/\/www.minipferd.de\/wp-content\/uploads\/2024\/05\/0A4A6802-1320x880.jpg 1320w, https:\/\/www.minipferd.de\/wp-content\/uploads\/2024\/05\/0A4A6802.jpg 1900w\" sizes=\"(max-width: 1024px) 100vw, 1024px\" \/><\/figure>\n<\/figure>\n\n\n\n<h2 class=\"wp-block-heading\">AMHA Show Belgien 2025<\/h2>\n\n\n\n<div class=\"wp-block-columns is-layout-flex wp-container-core-columns-is-layout-1 wp-block-columns-is-layout-flex\">\n<div class=\"wp-block-column is-layout-flow wp-block-column-is-layout-flow\">\n<figure class=\"wp-block-gallery has-nested-images columns-default is-cropped wp-block-gallery-2 is-layout-flex wp-block-gallery-is-layout-flex\">\n<figure class=\"wp-block-image size-large\"><img loading=\"lazy\" decoding=\"async\" width=\"640\" height=\"456\" src=\"https:\/\/www.minipferd.de\/wp-content\/uploads\/2025\/05\/IMG_2832.jpeg\" alt=\"\" class=\"wp-image-2865\" srcset=\"https:\/\/www.minipferd.de\/wp-content\/uploads\/2025\/05\/IMG_2832.jpeg 640w, https:\/\/www.minipferd.de\/wp-content\/uploads\/2025\/05\/IMG_2832-300x214.jpeg 300w\" sizes=\"(max-width: 640px) 100vw, 640px\" \/><\/figure>\n\n\n\n<figure class=\"wp-block-image size-large\"><img loading=\"lazy\" decoding=\"async\" width=\"640\" height=\"427\" src=\"https:\/\/www.minipferd.de\/wp-content\/uploads\/2025\/05\/IMG_1954.jpeg\" alt=\"\" class=\"wp-image-2863\" srcset=\"https:\/\/www.minipferd.de\/wp-content\/uploads\/2025\/05\/IMG_1954.jpeg 640w, https:\/\/www.minipferd.de\/wp-content\/uploads\/2025\/05\/IMG_1954-300x200.jpeg 300w\" sizes=\"(max-width: 640px) 100vw, 640px\" \/><\/figure>\n\n\n\n<figure class=\"wp-block-image size-large\"><img loading=\"lazy\" decoding=\"async\" width=\"1024\" height=\"683\" src=\"https:\/\/www.minipferd.de\/wp-content\/uploads\/2025\/05\/IMG_1942-1024x683.jpeg\" alt=\"\" class=\"wp-image-2849\" srcset=\"https:\/\/www.minipferd.de\/wp-content\/uploads\/2025\/05\/IMG_1942-1024x683.jpeg 1024w, https:\/\/www.minipferd.de\/wp-content\/uploads\/2025\/05\/IMG_1942-300x200.jpeg 300w, https:\/\/www.minipferd.de\/wp-content\/uploads\/2025\/05\/IMG_1942-768x512.jpeg 768w, https:\/\/www.minipferd.de\/wp-content\/uploads\/2025\/05\/IMG_1942.jpeg 1280w\" sizes=\"(max-width: 1024px) 100vw, 1024px\" \/><\/figure>\n<\/figure>\n<\/div>\n<\/div>\n\n\n\n<p>Was f\u00fcr eine WAHNSINNS SHOW! Unsere Pferdchen konnten auch in diesem Jahr in Belgien auf der internationalen Miniaturpferdeshow ABR\u00c4UMEN!<\/p>\n\n\n\n<p>Unsere Tigerlilli wurde auch in diesem Jahre wieder SIEGER DER SIEGER und Reserve SUPREME CHAMPION sowie GRAND CHAMPION und mit Lena sogar noch RESERVE SUPREME Champion in der Youth. Daisy hat uns besonders \u00fcberrascht auch sie konnte sich einen GRAND CHAMPION Titel sichern. Ich bin so stolz auf unsere Minis!<\/p>\n\n\n\n<figure class=\"wp-block-gallery has-nested-images columns-default is-cropped wp-block-gallery-3 is-layout-flex wp-block-gallery-is-layout-flex\">\n<figure class=\"wp-block-image size-large\"><img loading=\"lazy\" decoding=\"async\" width=\"1024\" height=\"683\" data-id=\"2848\" src=\"https:\/\/www.minipferd.de\/wp-content\/uploads\/2025\/05\/EU7A8195-1024x683.jpeg\" alt=\"\" class=\"wp-image-2848\" srcset=\"https:\/\/www.minipferd.de\/wp-content\/uploads\/2025\/05\/EU7A8195-1024x683.jpeg 1024w, https:\/\/www.minipferd.de\/wp-content\/uploads\/2025\/05\/EU7A8195-300x200.jpeg 300w, https:\/\/www.minipferd.de\/wp-content\/uploads\/2025\/05\/EU7A8195-768x512.jpeg 768w, https:\/\/www.minipferd.de\/wp-content\/uploads\/2025\/05\/EU7A8195-1536x1024.jpeg 1536w, https:\/\/www.minipferd.de\/wp-content\/uploads\/2025\/05\/EU7A8195-2048x1365.jpeg 2048w, https:\/\/www.minipferd.de\/wp-content\/uploads\/2025\/05\/EU7A8195-1320x880.jpeg 1320w\" sizes=\"(max-width: 1024px) 100vw, 1024px\" \/><\/figure>\n\n\n\n<figure class=\"wp-block-image size-large\"><img loading=\"lazy\" decoding=\"async\" width=\"1024\" height=\"683\" data-id=\"2861\" src=\"https:\/\/www.minipferd.de\/wp-content\/uploads\/2025\/05\/IMG_1951-1-1024x683.jpeg\" alt=\"\" class=\"wp-image-2861\" srcset=\"https:\/\/www.minipferd.de\/wp-content\/uploads\/2025\/05\/IMG_1951-1-1024x683.jpeg 1024w, https:\/\/www.minipferd.de\/wp-content\/uploads\/2025\/05\/IMG_1951-1-300x200.jpeg 300w, https:\/\/www.minipferd.de\/wp-content\/uploads\/2025\/05\/IMG_1951-1-768x512.jpeg 768w, https:\/\/www.minipferd.de\/wp-content\/uploads\/2025\/05\/IMG_1951-1-1536x1024.jpeg 1536w, https:\/\/www.minipferd.de\/wp-content\/uploads\/2025\/05\/IMG_1951-1-1320x880.jpeg 1320w, https:\/\/www.minipferd.de\/wp-content\/uploads\/2025\/05\/IMG_1951-1.jpeg 1600w\" sizes=\"(max-width: 1024px) 100vw, 1024px\" \/><\/figure>\n\n\n\n<figure class=\"wp-block-image size-large\"><img loading=\"lazy\" decoding=\"async\" width=\"1024\" height=\"651\" data-id=\"2847\" src=\"https:\/\/www.minipferd.de\/wp-content\/uploads\/2025\/05\/DSC_9511-1024x651.jpeg\" alt=\"\" class=\"wp-image-2847\" srcset=\"https:\/\/www.minipferd.de\/wp-content\/uploads\/2025\/05\/DSC_9511-1024x651.jpeg 1024w, https:\/\/www.minipferd.de\/wp-content\/uploads\/2025\/05\/DSC_9511-300x191.jpeg 300w, https:\/\/www.minipferd.de\/wp-content\/uploads\/2025\/05\/DSC_9511-768x488.jpeg 768w, https:\/\/www.minipferd.de\/wp-content\/uploads\/2025\/05\/DSC_9511-1536x976.jpeg 1536w, https:\/\/www.minipferd.de\/wp-content\/uploads\/2025\/05\/DSC_9511-2048x1301.jpeg 2048w, https:\/\/www.minipferd.de\/wp-content\/uploads\/2025\/05\/DSC_9511-1320x839.jpeg 1320w\" sizes=\"(max-width: 1024px) 100vw, 1024px\" \/><\/figure>\n<\/figure>\n\n\n\n<figure class=\"wp-block-image size-large is-resized\"><img loading=\"lazy\" decoding=\"async\" width=\"1024\" height=\"664\" src=\"http:\/\/www.minipferd.de\/wp-content\/uploads\/2025\/05\/IMG_2831-2-1024x664.jpeg\" alt=\"\" class=\"wp-image-2860\" style=\"width:689px;height:auto\" srcset=\"https:\/\/www.minipferd.de\/wp-content\/uploads\/2025\/05\/IMG_2831-2-1024x664.jpeg 1024w, https:\/\/www.minipferd.de\/wp-content\/uploads\/2025\/05\/IMG_2831-2-300x194.jpeg 300w, https:\/\/www.minipferd.de\/wp-content\/uploads\/2025\/05\/IMG_2831-2-768x498.jpeg 768w, https:\/\/www.minipferd.de\/wp-content\/uploads\/2025\/05\/IMG_2831-2.jpeg 1282w\" sizes=\"(max-width: 1024px) 100vw, 1024px\" \/><\/figure>\n\n\n\n<h2 class=\"wp-block-heading has-yellow-color has-text-color has-link-color wp-elements-d02fa78e939b40a49407636070ff778f\">BUNDESCHAMPIONAT \u00d6STERREICH 2024<\/h2>\n\n\n\n<figure class=\"wp-block-gallery has-nested-images columns-default is-cropped wp-block-gallery-4 is-layout-flex wp-block-gallery-is-layout-flex\">\n<figure class=\"wp-block-image size-large\"><img loading=\"lazy\" decoding=\"async\" width=\"1024\" height=\"696\" data-id=\"2744\" src=\"http:\/\/www.minipferd.de\/wp-content\/uploads\/2024\/09\/IMG_6576-1024x696.jpg\" alt=\"\" class=\"wp-image-2744\" srcset=\"https:\/\/www.minipferd.de\/wp-content\/uploads\/2024\/09\/IMG_6576-1024x696.jpg 1024w, https:\/\/www.minipferd.de\/wp-content\/uploads\/2024\/09\/IMG_6576-300x204.jpg 300w, https:\/\/www.minipferd.de\/wp-content\/uploads\/2024\/09\/IMG_6576-768x522.jpg 768w, https:\/\/www.minipferd.de\/wp-content\/uploads\/2024\/09\/IMG_6576-1536x1043.jpg 1536w, https:\/\/www.minipferd.de\/wp-content\/uploads\/2024\/09\/IMG_6576-1320x897.jpg 1320w, https:\/\/www.minipferd.de\/wp-content\/uploads\/2024\/09\/IMG_6576.jpg 2048w\" sizes=\"(max-width: 1024px) 100vw, 1024px\" \/><\/figure>\n\n\n\n<figure class=\"wp-block-image size-large\"><img loading=\"lazy\" decoding=\"async\" width=\"1024\" height=\"738\" data-id=\"2743\" src=\"http:\/\/www.minipferd.de\/wp-content\/uploads\/2024\/09\/IMG_6559-1024x738.jpg\" alt=\"\" class=\"wp-image-2743\" srcset=\"https:\/\/www.minipferd.de\/wp-content\/uploads\/2024\/09\/IMG_6559-1024x738.jpg 1024w, https:\/\/www.minipferd.de\/wp-content\/uploads\/2024\/09\/IMG_6559-300x216.jpg 300w, https:\/\/www.minipferd.de\/wp-content\/uploads\/2024\/09\/IMG_6559-768x554.jpg 768w, https:\/\/www.minipferd.de\/wp-content\/uploads\/2024\/09\/IMG_6559-1536x1107.jpg 1536w, https:\/\/www.minipferd.de\/wp-content\/uploads\/2024\/09\/IMG_6559-1320x951.jpg 1320w, https:\/\/www.minipferd.de\/wp-content\/uploads\/2024\/09\/IMG_6559.jpg 2048w\" sizes=\"(max-width: 1024px) 100vw, 1024px\" \/><\/figure>\n<\/figure>\n\n\n\n<p class=\"has-yellow-color has-text-color has-link-color wp-elements-989e54b74a157a513c92e033707643a8\"><br>Die letzte Show dieses Jahr f\u00fchrte uns nach \u00d6sterreich aufs Bundeschampionat. Ferrari wurde bester American MiniatureHorse Hengst, Angel beste Miniature Horse Stute und sogar BESTES MINIPFERD der ganzen SHOW! Die kleine Daisy konnte sich in ihrer Junior Klasse den zweiten Platz sichern.<\/p>\n\n\n\n<figure class=\"wp-block-image size-large\"><img loading=\"lazy\" decoding=\"async\" width=\"1024\" height=\"693\" src=\"http:\/\/www.minipferd.de\/wp-content\/uploads\/2024\/09\/IMG_6575-1024x693.jpg\" alt=\"\" class=\"wp-image-2742\" srcset=\"https:\/\/www.minipferd.de\/wp-content\/uploads\/2024\/09\/IMG_6575-1024x693.jpg 1024w, https:\/\/www.minipferd.de\/wp-content\/uploads\/2024\/09\/IMG_6575-300x203.jpg 300w, https:\/\/www.minipferd.de\/wp-content\/uploads\/2024\/09\/IMG_6575-768x519.jpg 768w, https:\/\/www.minipferd.de\/wp-content\/uploads\/2024\/09\/IMG_6575-1536x1039.jpg 1536w, https:\/\/www.minipferd.de\/wp-content\/uploads\/2024\/09\/IMG_6575-1320x893.jpg 1320w, https:\/\/www.minipferd.de\/wp-content\/uploads\/2024\/09\/IMG_6575.jpg 2048w\" sizes=\"(max-width: 1024px) 100vw, 1024px\" \/><\/figure>\n\n\n\n<p class=\"has-yellow-color has-text-color has-link-color wp-elements-f5ca473ff789d97491139bb4d76042f6\"><br><strong>BESTES MINIATUREPFERD DER SHOW AUF DEM BUNDESCHAMPIONAT!<\/strong><\/p>\n\n\n\n<h2 class=\"wp-block-heading has-yellow-color has-text-color has-link-color wp-elements-1de83398803f867527cd146ec0270cfd\">LANDESSCHAU M\u00dcNCHEN 2024:<\/h2>\n\n\n\n<figure class=\"wp-block-gallery has-nested-images columns-default is-cropped wp-block-gallery-5 is-layout-flex wp-block-gallery-is-layout-flex\">\n<figure class=\"wp-block-image size-large\"><img loading=\"lazy\" decoding=\"async\" width=\"1024\" height=\"683\" data-id=\"2738\" src=\"http:\/\/www.minipferd.de\/wp-content\/uploads\/2024\/09\/172A3147-1024x683.jpg\" alt=\"\" class=\"wp-image-2738\" srcset=\"https:\/\/www.minipferd.de\/wp-content\/uploads\/2024\/09\/172A3147-1024x683.jpg 1024w, https:\/\/www.minipferd.de\/wp-content\/uploads\/2024\/09\/172A3147-300x200.jpg 300w, https:\/\/www.minipferd.de\/wp-content\/uploads\/2024\/09\/172A3147-768x512.jpg 768w, https:\/\/www.minipferd.de\/wp-content\/uploads\/2024\/09\/172A3147-1536x1025.jpg 1536w, https:\/\/www.minipferd.de\/wp-content\/uploads\/2024\/09\/172A3147-2048x1366.jpg 2048w, https:\/\/www.minipferd.de\/wp-content\/uploads\/2024\/09\/172A3147-1320x880.jpg 1320w\" sizes=\"(max-width: 1024px) 100vw, 1024px\" \/><\/figure>\n<\/figure>\n\n\n\n<p class=\"has-yellow-color has-text-color has-link-color wp-elements-a352f9817037b9e3aa2893c339e725a6\"><br>Angel und Sweety, unsere beiden 3-j\u00e4hrigen Nachwuchsstuten konnten sich auf der Stutbucheintragung beide f\u00fcr die LANDESSCHAU qualifizieren! Eine besondere Ehre f\u00fcr uns. Sweety wurde sogar Reserve CHAMPIONSTUTE im Endring gegen verschiedene Rassen und wurde RASSEBESTES AMERICAN MINIATURE HORSE &amp; STAATSPR\u00c4MIENSTUTE! Ich bin super stolz auf unsere Nachzuchten!<\/p>\n\n\n\n<figure class=\"wp-block-image size-large\"><img loading=\"lazy\" decoding=\"async\" width=\"943\" height=\"1024\" src=\"http:\/\/www.minipferd.de\/wp-content\/uploads\/2024\/09\/IMG_7666-943x1024.jpg\" alt=\"\" class=\"wp-image-2735\" srcset=\"https:\/\/www.minipferd.de\/wp-content\/uploads\/2024\/09\/IMG_7666-943x1024.jpg 943w, https:\/\/www.minipferd.de\/wp-content\/uploads\/2024\/09\/IMG_7666-276x300.jpg 276w, https:\/\/www.minipferd.de\/wp-content\/uploads\/2024\/09\/IMG_7666-768x834.jpg 768w, https:\/\/www.minipferd.de\/wp-content\/uploads\/2024\/09\/IMG_7666.jpg 1179w\" sizes=\"(max-width: 943px) 100vw, 943px\" \/><\/figure>\n\n\n\n<h2 class=\"wp-block-heading has-yellow-color has-text-color has-link-color wp-elements-0ca3a0f97cf9440e9f5afe15aa646999\">CZECH CHAMPIONSHIP 2024:<\/h2>\n\n\n\n<figure class=\"wp-block-gallery has-nested-images columns-default is-cropped wp-block-gallery-6 is-layout-flex wp-block-gallery-is-layout-flex\">\n<figure class=\"wp-block-image size-large\"><img loading=\"lazy\" decoding=\"async\" width=\"1024\" height=\"753\" data-id=\"2594\" src=\"http:\/\/www.minipferd.de\/wp-content\/uploads\/2024\/08\/IMG_6587-1024x753.jpg\" alt=\"\" class=\"wp-image-2594\" srcset=\"https:\/\/www.minipferd.de\/wp-content\/uploads\/2024\/08\/IMG_6587-1024x753.jpg 1024w, https:\/\/www.minipferd.de\/wp-content\/uploads\/2024\/08\/IMG_6587-300x220.jpg 300w, https:\/\/www.minipferd.de\/wp-content\/uploads\/2024\/08\/IMG_6587-768x564.jpg 768w, https:\/\/www.minipferd.de\/wp-content\/uploads\/2024\/08\/IMG_6587-1536x1129.jpg 1536w, https:\/\/www.minipferd.de\/wp-content\/uploads\/2024\/08\/IMG_6587-1320x970.jpg 1320w, https:\/\/www.minipferd.de\/wp-content\/uploads\/2024\/08\/IMG_6587.jpg 1709w\" sizes=\"(max-width: 1024px) 100vw, 1024px\" \/><\/figure>\n\n\n\n<figure class=\"wp-block-image size-large\"><img loading=\"lazy\" decoding=\"async\" width=\"1024\" height=\"623\" data-id=\"2593\" src=\"http:\/\/www.minipferd.de\/wp-content\/uploads\/2024\/08\/IMG_6583-1024x623.jpg\" alt=\"\" class=\"wp-image-2593\" srcset=\"https:\/\/www.minipferd.de\/wp-content\/uploads\/2024\/08\/IMG_6583-1024x623.jpg 1024w, https:\/\/www.minipferd.de\/wp-content\/uploads\/2024\/08\/IMG_6583-300x183.jpg 300w, https:\/\/www.minipferd.de\/wp-content\/uploads\/2024\/08\/IMG_6583-768x467.jpg 768w, https:\/\/www.minipferd.de\/wp-content\/uploads\/2024\/08\/IMG_6583-1536x935.jpg 1536w, https:\/\/www.minipferd.de\/wp-content\/uploads\/2024\/08\/IMG_6583-1320x803.jpg 1320w, https:\/\/www.minipferd.de\/wp-content\/uploads\/2024\/08\/IMG_6583.jpg 1951w\" sizes=\"(max-width: 1024px) 100vw, 1024px\" \/><\/figure>\n<\/figure>\n\n\n\n<p class=\"has-yellow-color has-text-color has-link-color wp-elements-fb46c3d197eef137a83496f6faaee7d2\"><br>F\u00fcr Ferrari und Angel ging es im August nach Tschechien auf das Miniaturpferde Championat. Hier konnten beide top Titel gewinnen.<\/p>\n\n\n\n<p class=\"has-yellow-color has-text-color has-link-color wp-elements-5010c0b736d5988fd7682dcfc97c65e5\"><strong>Ferrari:<\/strong><br><strong>OPEN AMHA CHAMPION Senior Stallion under<br>OPEN GRAND CHAMION Stallion<br>AMHA SUPREME CHAMPION <\/strong><\/p>\n\n\n\n<figure class=\"wp-block-gallery has-nested-images columns-default is-cropped wp-block-gallery-7 is-layout-flex wp-block-gallery-is-layout-flex\">\n<figure class=\"wp-block-image size-large\"><img loading=\"lazy\" decoding=\"async\" width=\"1024\" height=\"773\" data-id=\"2773\" src=\"http:\/\/www.minipferd.de\/wp-content\/uploads\/2024\/09\/3b211104-3e6a-4ee1-89df-3a0d9187cdf6-1024x773.jpeg\" alt=\"\" class=\"wp-image-2773\" srcset=\"https:\/\/www.minipferd.de\/wp-content\/uploads\/2024\/09\/3b211104-3e6a-4ee1-89df-3a0d9187cdf6-1024x773.jpeg 1024w, https:\/\/www.minipferd.de\/wp-content\/uploads\/2024\/09\/3b211104-3e6a-4ee1-89df-3a0d9187cdf6-300x226.jpeg 300w, https:\/\/www.minipferd.de\/wp-content\/uploads\/2024\/09\/3b211104-3e6a-4ee1-89df-3a0d9187cdf6-768x580.jpeg 768w, https:\/\/www.minipferd.de\/wp-content\/uploads\/2024\/09\/3b211104-3e6a-4ee1-89df-3a0d9187cdf6-1536x1159.jpeg 1536w, https:\/\/www.minipferd.de\/wp-content\/uploads\/2024\/09\/3b211104-3e6a-4ee1-89df-3a0d9187cdf6-1320x996.jpeg 1320w, https:\/\/www.minipferd.de\/wp-content\/uploads\/2024\/09\/3b211104-3e6a-4ee1-89df-3a0d9187cdf6.jpeg 1549w\" sizes=\"(max-width: 1024px) 100vw, 1024px\" \/><\/figure>\n<\/figure>\n\n\n\n<p class=\"has-yellow-color has-text-color has-link-color wp-elements-42411b85ed7a7ba92ad64e35cd1dc443\"><br><strong>Angel <\/strong><br><strong>OPEN RESERVE CHAMPION SENIOR MARES<br>RESERVE GRAND CHAMPION MARES<br>CHAMPION MULTICOLOUR<br>EBBO CHAMPIN SENIOR MARES<br>EBBO RESERVE GRAND CHAMPION MARES<\/strong><br><br>Wir sind unfassbar stolz auf diese tollen Titel!<\/p>\n\n\n\n<h2 class=\"wp-block-heading has-yellow-color has-text-color has-link-color wp-elements-6f266a02fcf0769b779313b59f85f481\">AMHA Show Sweden 2024<\/h2>\n\n\n\n<figure class=\"wp-block-gallery has-nested-images columns-default is-cropped wp-block-gallery-8 is-layout-flex wp-block-gallery-is-layout-flex\">\n<figure class=\"wp-block-image size-large\"><img loading=\"lazy\" decoding=\"async\" width=\"1024\" height=\"619\" data-id=\"2607\" src=\"http:\/\/www.minipferd.de\/wp-content\/uploads\/2024\/08\/IMG_6769-1024x619.jpg\" alt=\"\" class=\"wp-image-2607\" srcset=\"https:\/\/www.minipferd.de\/wp-content\/uploads\/2024\/08\/IMG_6769-1024x619.jpg 1024w, https:\/\/www.minipferd.de\/wp-content\/uploads\/2024\/08\/IMG_6769-300x181.jpg 300w, https:\/\/www.minipferd.de\/wp-content\/uploads\/2024\/08\/IMG_6769-768x464.jpg 768w, https:\/\/www.minipferd.de\/wp-content\/uploads\/2024\/08\/IMG_6769.jpg 1230w\" sizes=\"(max-width: 1024px) 100vw, 1024px\" \/><\/figure>\n<\/figure>\n\n\n\n<p class=\"has-yellow-color has-text-color has-link-color wp-elements-a1f2db8a6d9fc87a5479d01766a78aa2\"><br>F\u00fcr Angel ging es dieses Jahr ins weit entfernte SCHWEDEN! Die Kleine Stute hat uns extrem stolz gemacht und konnte sich viele Titel sichern.<\/p>\n\n\n\n<figure class=\"wp-block-gallery has-nested-images columns-default is-cropped wp-block-gallery-9 is-layout-flex wp-block-gallery-is-layout-flex\">\n<figure class=\"wp-block-image size-large\"><img loading=\"lazy\" decoding=\"async\" width=\"1024\" height=\"719\" data-id=\"2722\" src=\"http:\/\/www.minipferd.de\/wp-content\/uploads\/2024\/09\/IMG_6591-2-1024x719.jpg\" alt=\"\" class=\"wp-image-2722\" srcset=\"https:\/\/www.minipferd.de\/wp-content\/uploads\/2024\/09\/IMG_6591-2-1024x719.jpg 1024w, https:\/\/www.minipferd.de\/wp-content\/uploads\/2024\/09\/IMG_6591-2-300x211.jpg 300w, https:\/\/www.minipferd.de\/wp-content\/uploads\/2024\/09\/IMG_6591-2-768x539.jpg 768w, https:\/\/www.minipferd.de\/wp-content\/uploads\/2024\/09\/IMG_6591-2-1536x1078.jpg 1536w, https:\/\/www.minipferd.de\/wp-content\/uploads\/2024\/09\/IMG_6591-2-1320x926.jpg 1320w, https:\/\/www.minipferd.de\/wp-content\/uploads\/2024\/09\/IMG_6591-2.jpg 1808w\" sizes=\"(max-width: 1024px) 100vw, 1024px\" \/><\/figure>\n\n\n\n<figure class=\"wp-block-image size-large\"><img loading=\"lazy\" decoding=\"async\" width=\"1024\" height=\"726\" data-id=\"2723\" src=\"http:\/\/www.minipferd.de\/wp-content\/uploads\/2024\/09\/IMG_6586-1024x726.jpg\" alt=\"\" class=\"wp-image-2723\" srcset=\"https:\/\/www.minipferd.de\/wp-content\/uploads\/2024\/09\/IMG_6586-1024x726.jpg 1024w, https:\/\/www.minipferd.de\/wp-content\/uploads\/2024\/09\/IMG_6586-300x213.jpg 300w, https:\/\/www.minipferd.de\/wp-content\/uploads\/2024\/09\/IMG_6586-768x544.jpg 768w, https:\/\/www.minipferd.de\/wp-content\/uploads\/2024\/09\/IMG_6586-1536x1089.jpg 1536w, https:\/\/www.minipferd.de\/wp-content\/uploads\/2024\/09\/IMG_6586-1320x936.jpg 1320w, https:\/\/www.minipferd.de\/wp-content\/uploads\/2024\/09\/IMG_6586.jpg 1758w\" sizes=\"(max-width: 1024px) 100vw, 1024px\" \/><\/figure>\n\n\n\n<figure class=\"wp-block-image size-large\"><img loading=\"lazy\" decoding=\"async\" width=\"1024\" height=\"744\" data-id=\"2724\" src=\"http:\/\/www.minipferd.de\/wp-content\/uploads\/2024\/09\/IMG_6599-1024x744.jpg\" alt=\"\" class=\"wp-image-2724\" srcset=\"https:\/\/www.minipferd.de\/wp-content\/uploads\/2024\/09\/IMG_6599-1024x744.jpg 1024w, https:\/\/www.minipferd.de\/wp-content\/uploads\/2024\/09\/IMG_6599-300x218.jpg 300w, https:\/\/www.minipferd.de\/wp-content\/uploads\/2024\/09\/IMG_6599-768x558.jpg 768w, https:\/\/www.minipferd.de\/wp-content\/uploads\/2024\/09\/IMG_6599-1536x1116.jpg 1536w, https:\/\/www.minipferd.de\/wp-content\/uploads\/2024\/09\/IMG_6599-1320x959.jpg 1320w, https:\/\/www.minipferd.de\/wp-content\/uploads\/2024\/09\/IMG_6599.jpg 1818w\" sizes=\"(max-width: 1024px) 100vw, 1024px\" \/><\/figure>\n<\/figure>\n\n\n\n<p class=\"has-yellow-color has-text-color has-link-color wp-elements-d98089b04dd515651d7264494563eb11\"><br>Angel wurde: <strong>CHAMPION IMHC SENIOR MARES UNDER <\/strong>und konnte sich anschlie\u00dfend direkt den hei\u00df begehrten <strong>GRAND CHAMPION<\/strong> TITEL sichern. <br>Anschlie\u00dfend wurde sie noch Reserve CHAMPION in der Multicolour lass Mares!<\/p>\n\n\n\n<figure class=\"wp-block-gallery has-nested-images columns-default is-cropped wp-block-gallery-10 is-layout-flex wp-block-gallery-is-layout-flex\">\n<figure class=\"wp-block-image size-large\"><img loading=\"lazy\" decoding=\"async\" width=\"1024\" height=\"568\" data-id=\"2606\" src=\"http:\/\/www.minipferd.de\/wp-content\/uploads\/2024\/08\/IMG_6768-1024x568.jpg\" alt=\"\" class=\"wp-image-2606\" srcset=\"https:\/\/www.minipferd.de\/wp-content\/uploads\/2024\/08\/IMG_6768-1024x568.jpg 1024w, https:\/\/www.minipferd.de\/wp-content\/uploads\/2024\/08\/IMG_6768-300x166.jpg 300w, https:\/\/www.minipferd.de\/wp-content\/uploads\/2024\/08\/IMG_6768-768x426.jpg 768w, https:\/\/www.minipferd.de\/wp-content\/uploads\/2024\/08\/IMG_6768.jpg 1249w\" sizes=\"(max-width: 1024px) 100vw, 1024px\" \/><\/figure>\n<\/figure>\n\n\n\n<p><\/p>\n\n\n\n<p class=\"has-yellow-color has-text-color has-link-color wp-elements-7a0bc80277a726641e5b95861633be1a\">Angel ist unsere eigene Nachzucht: wir sind extrem stolz!<\/p>\n\n\n\n<h2 class=\"wp-block-heading has-yellow-color has-text-color has-link-color wp-elements-510d11e6d69d8b3f98c6899d9825dd4a\">AMHA Show Belgien 2024<\/h2>\n\n\n\n<figure class=\"wp-block-gallery has-nested-images columns-default is-cropped wp-block-gallery-11 is-layout-flex wp-block-gallery-is-layout-flex\">\n<figure class=\"wp-block-image size-large\"><img loading=\"lazy\" decoding=\"async\" width=\"1024\" height=\"683\" data-id=\"2273\" src=\"https:\/\/www.minipferd.de\/wp-content\/uploads\/2024\/05\/0A4A6488-1024x683.jpg\" alt=\"\" class=\"wp-image-2273\" srcset=\"https:\/\/www.minipferd.de\/wp-content\/uploads\/2024\/05\/0A4A6488-1024x683.jpg 1024w, https:\/\/www.minipferd.de\/wp-content\/uploads\/2024\/05\/0A4A6488-300x200.jpg 300w, https:\/\/www.minipferd.de\/wp-content\/uploads\/2024\/05\/0A4A6488-768x512.jpg 768w, https:\/\/www.minipferd.de\/wp-content\/uploads\/2024\/05\/0A4A6488-1536x1024.jpg 1536w, https:\/\/www.minipferd.de\/wp-content\/uploads\/2024\/05\/0A4A6488-1320x880.jpg 1320w, https:\/\/www.minipferd.de\/wp-content\/uploads\/2024\/05\/0A4A6488.jpg 1900w\" sizes=\"(max-width: 1024px) 100vw, 1024px\" \/><\/figure>\n\n\n\n<figure class=\"wp-block-image size-large\"><img loading=\"lazy\" decoding=\"async\" width=\"1024\" height=\"683\" data-id=\"2266\" src=\"https:\/\/www.minipferd.de\/wp-content\/uploads\/2024\/05\/0A4A7901-1024x683.jpg\" alt=\"\" class=\"wp-image-2266\" srcset=\"https:\/\/www.minipferd.de\/wp-content\/uploads\/2024\/05\/0A4A7901-1024x683.jpg 1024w, https:\/\/www.minipferd.de\/wp-content\/uploads\/2024\/05\/0A4A7901-300x200.jpg 300w, https:\/\/www.minipferd.de\/wp-content\/uploads\/2024\/05\/0A4A7901-768x512.jpg 768w, https:\/\/www.minipferd.de\/wp-content\/uploads\/2024\/05\/0A4A7901-1536x1024.jpg 1536w, https:\/\/www.minipferd.de\/wp-content\/uploads\/2024\/05\/0A4A7901-1320x880.jpg 1320w, https:\/\/www.minipferd.de\/wp-content\/uploads\/2024\/05\/0A4A7901.jpg 1900w\" sizes=\"(max-width: 1024px) 100vw, 1024px\" \/><\/figure>\n\n\n\n<figure class=\"wp-block-image size-large\"><img loading=\"lazy\" decoding=\"async\" width=\"1024\" height=\"683\" data-id=\"2302\" src=\"https:\/\/www.minipferd.de\/wp-content\/uploads\/2024\/05\/0A4A8516-1024x683.jpg\" alt=\"\" class=\"wp-image-2302\" srcset=\"https:\/\/www.minipferd.de\/wp-content\/uploads\/2024\/05\/0A4A8516-1024x683.jpg 1024w, https:\/\/www.minipferd.de\/wp-content\/uploads\/2024\/05\/0A4A8516-300x200.jpg 300w, https:\/\/www.minipferd.de\/wp-content\/uploads\/2024\/05\/0A4A8516-768x512.jpg 768w, https:\/\/www.minipferd.de\/wp-content\/uploads\/2024\/05\/0A4A8516-1536x1024.jpg 1536w, https:\/\/www.minipferd.de\/wp-content\/uploads\/2024\/05\/0A4A8516-1320x880.jpg 1320w, https:\/\/www.minipferd.de\/wp-content\/uploads\/2024\/05\/0A4A8516.jpg 1900w\" sizes=\"(max-width: 1024px) 100vw, 1024px\" \/><\/figure>\n\n\n\n<figure class=\"wp-block-image size-large\"><img loading=\"lazy\" decoding=\"async\" width=\"1024\" height=\"683\" data-id=\"2299\" src=\"https:\/\/www.minipferd.de\/wp-content\/uploads\/2024\/05\/0A4A8462-1024x683.jpg\" alt=\"\" class=\"wp-image-2299\" srcset=\"https:\/\/www.minipferd.de\/wp-content\/uploads\/2024\/05\/0A4A8462-1024x683.jpg 1024w, https:\/\/www.minipferd.de\/wp-content\/uploads\/2024\/05\/0A4A8462-300x200.jpg 300w, https:\/\/www.minipferd.de\/wp-content\/uploads\/2024\/05\/0A4A8462-768x512.jpg 768w, https:\/\/www.minipferd.de\/wp-content\/uploads\/2024\/05\/0A4A8462-1536x1024.jpg 1536w, https:\/\/www.minipferd.de\/wp-content\/uploads\/2024\/05\/0A4A8462-1320x880.jpg 1320w, https:\/\/www.minipferd.de\/wp-content\/uploads\/2024\/05\/0A4A8462.jpg 1900w\" sizes=\"(max-width: 1024px) 100vw, 1024px\" \/><\/figure>\n\n\n\n<figure class=\"wp-block-image size-large\"><img loading=\"lazy\" decoding=\"async\" width=\"1024\" height=\"683\" data-id=\"2269\" src=\"https:\/\/www.minipferd.de\/wp-content\/uploads\/2024\/05\/0A4A7864-1024x683.jpg\" alt=\"\" class=\"wp-image-2269\" srcset=\"https:\/\/www.minipferd.de\/wp-content\/uploads\/2024\/05\/0A4A7864-1024x683.jpg 1024w, https:\/\/www.minipferd.de\/wp-content\/uploads\/2024\/05\/0A4A7864-300x200.jpg 300w, https:\/\/www.minipferd.de\/wp-content\/uploads\/2024\/05\/0A4A7864-768x512.jpg 768w, https:\/\/www.minipferd.de\/wp-content\/uploads\/2024\/05\/0A4A7864-1536x1024.jpg 1536w, https:\/\/www.minipferd.de\/wp-content\/uploads\/2024\/05\/0A4A7864-1320x880.jpg 1320w, https:\/\/www.minipferd.de\/wp-content\/uploads\/2024\/05\/0A4A7864.jpg 1900w\" sizes=\"(max-width: 1024px) 100vw, 1024px\" \/><\/figure>\n\n\n\n<figure class=\"wp-block-image size-large\"><img loading=\"lazy\" decoding=\"async\" width=\"1024\" height=\"683\" data-id=\"2275\" src=\"https:\/\/www.minipferd.de\/wp-content\/uploads\/2024\/05\/0A4A6475-1024x683.jpg\" alt=\"\" class=\"wp-image-2275\" srcset=\"https:\/\/www.minipferd.de\/wp-content\/uploads\/2024\/05\/0A4A6475-1024x683.jpg 1024w, https:\/\/www.minipferd.de\/wp-content\/uploads\/2024\/05\/0A4A6475-300x200.jpg 300w, https:\/\/www.minipferd.de\/wp-content\/uploads\/2024\/05\/0A4A6475-768x512.jpg 768w, https:\/\/www.minipferd.de\/wp-content\/uploads\/2024\/05\/0A4A6475-1536x1024.jpg 1536w, https:\/\/www.minipferd.de\/wp-content\/uploads\/2024\/05\/0A4A6475-1320x880.jpg 1320w, https:\/\/www.minipferd.de\/wp-content\/uploads\/2024\/05\/0A4A6475.jpg 1900w\" sizes=\"(max-width: 1024px) 100vw, 1024px\" \/><\/figure>\n<\/figure>\n\n\n\n<p><\/p>\n\n\n\n<p class=\"has-yellow-color has-text-color has-link-color wp-elements-eef15246fd571fb3636ae310bdd271c6\">Im April ging es f\u00fcr uns und unsere Pferdchen nach Torhout nach Belgien. Die Minis konnten super abschneiden und haben tolle Preise gewonnen. Zum Abschluss habe ich den Reserve Supreme Champion Performance gewonnen! Eine mehr als erfolgreiche Show!<\/p>\n\n\n\n<p class=\"has-yellow-color has-text-color has-link-color wp-elements-9ca312bc08970740297bd730840a10fe\">Tigerlilli<br>1. Platz IMHC Senior Mares<br>RESERVE GRAND CHAMPION IMHC <br>RESERVE SUPREME CHAMPION<\/p>\n\n\n\n<figure class=\"wp-block-image size-large\"><img loading=\"lazy\" decoding=\"async\" width=\"1024\" height=\"795\" src=\"https:\/\/www.minipferd.de\/wp-content\/uploads\/2024\/05\/Tigerlilli_web-1024x795.jpg\" alt=\"\" class=\"wp-image-2146\" style=\"aspect-ratio:4\/3;object-fit:cover\" srcset=\"https:\/\/www.minipferd.de\/wp-content\/uploads\/2024\/05\/Tigerlilli_web-1024x795.jpg 1024w, https:\/\/www.minipferd.de\/wp-content\/uploads\/2024\/05\/Tigerlilli_web-300x233.jpg 300w, https:\/\/www.minipferd.de\/wp-content\/uploads\/2024\/05\/Tigerlilli_web-768x596.jpg 768w, https:\/\/www.minipferd.de\/wp-content\/uploads\/2024\/05\/Tigerlilli_web-1536x1192.jpg 1536w, https:\/\/www.minipferd.de\/wp-content\/uploads\/2024\/05\/Tigerlilli_web-1320x1024.jpg 1320w, https:\/\/www.minipferd.de\/wp-content\/uploads\/2024\/05\/Tigerlilli_web.jpg 2000w\" sizes=\"(max-width: 1024px) 100vw, 1024px\" \/><\/figure>\n\n\n\n<p><\/p>\n\n\n\n<p class=\"has-yellow-color has-text-color has-link-color wp-elements-ffea9d6e60e9d37d78d4ab987aa80f79\">Bambi:<br>1. Platz Champion Colour Class Solid Horses<br>2. Platz AMHR Europe Breed Horses<br>1. Platz AMHA Beginners<\/p>\n\n\n\n<figure class=\"wp-block-image size-large\"><img loading=\"lazy\" decoding=\"async\" width=\"1024\" height=\"844\" src=\"https:\/\/www.minipferd.de\/wp-content\/uploads\/2024\/05\/IMG_9657_web-1024x844.jpg\" alt=\"\" class=\"wp-image-2149\" style=\"aspect-ratio:4\/3;object-fit:cover\" srcset=\"https:\/\/www.minipferd.de\/wp-content\/uploads\/2024\/05\/IMG_9657_web-1024x844.jpg 1024w, https:\/\/www.minipferd.de\/wp-content\/uploads\/2024\/05\/IMG_9657_web-300x247.jpg 300w, https:\/\/www.minipferd.de\/wp-content\/uploads\/2024\/05\/IMG_9657_web-768x633.jpg 768w, https:\/\/www.minipferd.de\/wp-content\/uploads\/2024\/05\/IMG_9657_web.jpg 1041w\" sizes=\"(max-width: 1024px) 100vw, 1024px\" \/><\/figure>\n\n\n\n<p><\/p>\n\n\n\n<p class=\"has-yellow-color has-text-color has-link-color wp-elements-8de36fb63c16a636b7511764aad02695\">Tiffany:<br>2. Platz AMHA Liberty 30&#8243; and under<br>2. Platz IMHC Junior Mares<br>4. Platz IMHC Colour Class<\/p>\n\n\n\n<figure class=\"wp-block-gallery has-nested-images columns-default is-cropped wp-block-gallery-12 is-layout-flex wp-block-gallery-is-layout-flex\">\n<figure class=\"wp-block-image size-large\"><img loading=\"lazy\" decoding=\"async\" width=\"1024\" height=\"683\" data-id=\"2272\" src=\"http:\/\/www.minipferd.de\/wp-content\/uploads\/2024\/05\/0A4A6802-1024x683.jpg\" alt=\"\" class=\"wp-image-2272\" srcset=\"https:\/\/www.minipferd.de\/wp-content\/uploads\/2024\/05\/0A4A6802-1024x683.jpg 1024w, https:\/\/www.minipferd.de\/wp-content\/uploads\/2024\/05\/0A4A6802-300x200.jpg 300w, https:\/\/www.minipferd.de\/wp-content\/uploads\/2024\/05\/0A4A6802-768x512.jpg 768w, https:\/\/www.minipferd.de\/wp-content\/uploads\/2024\/05\/0A4A6802-1536x1024.jpg 1536w, https:\/\/www.minipferd.de\/wp-content\/uploads\/2024\/05\/0A4A6802-1320x880.jpg 1320w, https:\/\/www.minipferd.de\/wp-content\/uploads\/2024\/05\/0A4A6802.jpg 1900w\" sizes=\"(max-width: 1024px) 100vw, 1024px\" \/><\/figure>\n\n\n\n<figure class=\"wp-block-image size-large\"><img loading=\"lazy\" decoding=\"async\" width=\"1024\" height=\"683\" data-id=\"2302\" src=\"http:\/\/www.minipferd.de\/wp-content\/uploads\/2024\/05\/0A4A8516-1024x683.jpg\" alt=\"\" class=\"wp-image-2302\" srcset=\"https:\/\/www.minipferd.de\/wp-content\/uploads\/2024\/05\/0A4A8516-1024x683.jpg 1024w, https:\/\/www.minipferd.de\/wp-content\/uploads\/2024\/05\/0A4A8516-300x200.jpg 300w, https:\/\/www.minipferd.de\/wp-content\/uploads\/2024\/05\/0A4A8516-768x512.jpg 768w, https:\/\/www.minipferd.de\/wp-content\/uploads\/2024\/05\/0A4A8516-1536x1024.jpg 1536w, https:\/\/www.minipferd.de\/wp-content\/uploads\/2024\/05\/0A4A8516-1320x880.jpg 1320w, https:\/\/www.minipferd.de\/wp-content\/uploads\/2024\/05\/0A4A8516.jpg 1900w\" sizes=\"(max-width: 1024px) 100vw, 1024px\" \/><\/figure>\n<\/figure>\n\n\n\n<h2 class=\"wp-block-heading has-yellow-color has-text-color has-link-color wp-elements-a50006b0d5664004024b47ac10926371\">Shows 2023<\/h2>\n\n\n\n<div class=\"wp-block-columns is-layout-flex wp-container-core-columns-is-layout-2 wp-block-columns-is-layout-flex\">\n<div class=\"wp-block-column is-layout-flow wp-block-column-is-layout-flow\">\n<figure class=\"wp-block-image size-large\"><img loading=\"lazy\" decoding=\"async\" width=\"1024\" height=\"683\" src=\"http:\/\/www.minipferd.de\/wp-content\/uploads\/2023\/08\/MO1A4784-1024x683.jpg\" alt=\"\" class=\"wp-image-1991\" srcset=\"https:\/\/www.minipferd.de\/wp-content\/uploads\/2023\/08\/MO1A4784-1024x683.jpg 1024w, https:\/\/www.minipferd.de\/wp-content\/uploads\/2023\/08\/MO1A4784-300x200.jpg 300w, https:\/\/www.minipferd.de\/wp-content\/uploads\/2023\/08\/MO1A4784-768x512.jpg 768w, https:\/\/www.minipferd.de\/wp-content\/uploads\/2023\/08\/MO1A4784-1536x1024.jpg 1536w, https:\/\/www.minipferd.de\/wp-content\/uploads\/2023\/08\/MO1A4784-2048x1365.jpg 2048w, https:\/\/www.minipferd.de\/wp-content\/uploads\/2023\/08\/MO1A4784-1320x880.jpg 1320w\" sizes=\"(max-width: 1024px) 100vw, 1024px\" \/><\/figure>\n<\/div>\n\n\n\n<div class=\"wp-block-column is-layout-flow wp-block-column-is-layout-flow\">\n<figure class=\"wp-block-image size-large\"><img loading=\"lazy\" decoding=\"async\" width=\"1024\" height=\"683\" src=\"http:\/\/www.minipferd.de\/wp-content\/uploads\/2023\/08\/DEX03558-1024x683.jpg\" alt=\"\" class=\"wp-image-1992\" srcset=\"https:\/\/www.minipferd.de\/wp-content\/uploads\/2023\/08\/DEX03558-1024x683.jpg 1024w, https:\/\/www.minipferd.de\/wp-content\/uploads\/2023\/08\/DEX03558-300x200.jpg 300w, https:\/\/www.minipferd.de\/wp-content\/uploads\/2023\/08\/DEX03558-768x512.jpg 768w, https:\/\/www.minipferd.de\/wp-content\/uploads\/2023\/08\/DEX03558-1536x1024.jpg 1536w, https:\/\/www.minipferd.de\/wp-content\/uploads\/2023\/08\/DEX03558-2048x1365.jpg 2048w, https:\/\/www.minipferd.de\/wp-content\/uploads\/2023\/08\/DEX03558-1320x880.jpg 1320w\" sizes=\"(max-width: 1024px) 100vw, 1024px\" \/><\/figure>\n<\/div>\n<\/div>\n\n\n\n<div class=\"wp-block-columns is-layout-flex wp-container-core-columns-is-layout-3 wp-block-columns-is-layout-flex\">\n<div class=\"wp-block-column is-layout-flow wp-block-column-is-layout-flow\">\n<figure class=\"wp-block-image size-large\"><img loading=\"lazy\" decoding=\"async\" width=\"1024\" height=\"683\" src=\"http:\/\/www.minipferd.de\/wp-content\/uploads\/2023\/08\/IMG_6908-1024x683.jpg\" alt=\"\" class=\"wp-image-1993\" srcset=\"https:\/\/www.minipferd.de\/wp-content\/uploads\/2023\/08\/IMG_6908-1024x683.jpg 1024w, https:\/\/www.minipferd.de\/wp-content\/uploads\/2023\/08\/IMG_6908-300x200.jpg 300w, https:\/\/www.minipferd.de\/wp-content\/uploads\/2023\/08\/IMG_6908-768x512.jpg 768w, https:\/\/www.minipferd.de\/wp-content\/uploads\/2023\/08\/IMG_6908-1536x1024.jpg 1536w, https:\/\/www.minipferd.de\/wp-content\/uploads\/2023\/08\/IMG_6908-2048x1365.jpg 2048w, https:\/\/www.minipferd.de\/wp-content\/uploads\/2023\/08\/IMG_6908-1320x880.jpg 1320w\" sizes=\"(max-width: 1024px) 100vw, 1024px\" \/><\/figure>\n<\/div>\n\n\n\n<div class=\"wp-block-column is-layout-flow wp-block-column-is-layout-flow\">\n<figure class=\"wp-block-image size-large\"><img loading=\"lazy\" decoding=\"async\" width=\"1024\" height=\"688\" src=\"http:\/\/www.minipferd.de\/wp-content\/uploads\/2023\/08\/IMG_4283-1024x688.jpg\" alt=\"\" class=\"wp-image-1994\" srcset=\"https:\/\/www.minipferd.de\/wp-content\/uploads\/2023\/08\/IMG_4283-1024x688.jpg 1024w, https:\/\/www.minipferd.de\/wp-content\/uploads\/2023\/08\/IMG_4283-300x202.jpg 300w, https:\/\/www.minipferd.de\/wp-content\/uploads\/2023\/08\/IMG_4283-768x516.jpg 768w, https:\/\/www.minipferd.de\/wp-content\/uploads\/2023\/08\/IMG_4283-1536x1032.jpg 1536w, https:\/\/www.minipferd.de\/wp-content\/uploads\/2023\/08\/IMG_4283-2048x1377.jpg 2048w, https:\/\/www.minipferd.de\/wp-content\/uploads\/2023\/08\/IMG_4283-1320x887.jpg 1320w\" sizes=\"(max-width: 1024px) 100vw, 1024px\" \/><\/figure>\n<\/div>\n<\/div>\n\n\n\n<h2 class=\"wp-block-heading has-yellow-color has-text-color has-link-color wp-elements-796b3faca3a39b3188db71ebf33d6467\">Zirkus 2022<\/h2>\n\n\n\n<figure class=\"wp-block-gallery has-nested-images columns-2 is-cropped wp-block-gallery-13 is-layout-flex wp-block-gallery-is-layout-flex\">\n<figure class=\"wp-block-image size-large\"><img loading=\"lazy\" decoding=\"async\" width=\"1024\" height=\"683\" data-id=\"1704\" src=\"http:\/\/www.minipferd.de\/wp-content\/uploads\/2022\/01\/GD3A1574-1024x683.jpg\" alt=\"\" class=\"wp-image-1704\" srcset=\"https:\/\/www.minipferd.de\/wp-content\/uploads\/2022\/01\/GD3A1574-1024x683.jpg 1024w, https:\/\/www.minipferd.de\/wp-content\/uploads\/2022\/01\/GD3A1574-scaled-350x233.jpg 350w, https:\/\/www.minipferd.de\/wp-content\/uploads\/2022\/01\/GD3A1574-300x200.jpg 300w, https:\/\/www.minipferd.de\/wp-content\/uploads\/2022\/01\/GD3A1574-768x512.jpg 768w, https:\/\/www.minipferd.de\/wp-content\/uploads\/2022\/01\/GD3A1574-1536x1024.jpg 1536w, https:\/\/www.minipferd.de\/wp-content\/uploads\/2022\/01\/GD3A1574-2048x1365.jpg 2048w\" sizes=\"(max-width: 1024px) 100vw, 1024px\" \/><\/figure>\n\n\n\n<figure class=\"wp-block-image size-large\"><img loading=\"lazy\" decoding=\"async\" width=\"1024\" height=\"683\" data-id=\"1705\" src=\"http:\/\/www.minipferd.de\/wp-content\/uploads\/2022\/01\/GD3A1588-1024x683.jpg\" alt=\"\" class=\"wp-image-1705\" srcset=\"https:\/\/www.minipferd.de\/wp-content\/uploads\/2022\/01\/GD3A1588-1024x683.jpg 1024w, https:\/\/www.minipferd.de\/wp-content\/uploads\/2022\/01\/GD3A1588-scaled-350x233.jpg 350w, https:\/\/www.minipferd.de\/wp-content\/uploads\/2022\/01\/GD3A1588-300x200.jpg 300w, https:\/\/www.minipferd.de\/wp-content\/uploads\/2022\/01\/GD3A1588-768x512.jpg 768w, https:\/\/www.minipferd.de\/wp-content\/uploads\/2022\/01\/GD3A1588-1536x1024.jpg 1536w, https:\/\/www.minipferd.de\/wp-content\/uploads\/2022\/01\/GD3A1588-2048x1365.jpg 2048w\" sizes=\"(max-width: 1024px) 100vw, 1024px\" \/><\/figure>\n\n\n\n<figure class=\"wp-block-image size-large\"><img loading=\"lazy\" decoding=\"async\" width=\"1024\" height=\"683\" data-id=\"1707\" src=\"http:\/\/www.minipferd.de\/wp-content\/uploads\/2022\/01\/GD3A1607-1024x683.jpg\" alt=\"\" class=\"wp-image-1707\" srcset=\"https:\/\/www.minipferd.de\/wp-content\/uploads\/2022\/01\/GD3A1607-1024x683.jpg 1024w, https:\/\/www.minipferd.de\/wp-content\/uploads\/2022\/01\/GD3A1607-scaled-350x233.jpg 350w, https:\/\/www.minipferd.de\/wp-content\/uploads\/2022\/01\/GD3A1607-300x200.jpg 300w, https:\/\/www.minipferd.de\/wp-content\/uploads\/2022\/01\/GD3A1607-768x512.jpg 768w, https:\/\/www.minipferd.de\/wp-content\/uploads\/2022\/01\/GD3A1607-1536x1024.jpg 1536w, https:\/\/www.minipferd.de\/wp-content\/uploads\/2022\/01\/GD3A1607-2048x1365.jpg 2048w\" sizes=\"(max-width: 1024px) 100vw, 1024px\" \/><\/figure>\n\n\n\n<figure class=\"wp-block-image size-large\"><img loading=\"lazy\" decoding=\"async\" width=\"1024\" height=\"683\" data-id=\"1708\" src=\"http:\/\/www.minipferd.de\/wp-content\/uploads\/2022\/01\/GD3A1629-1024x683.jpg\" alt=\"\" class=\"wp-image-1708\" srcset=\"https:\/\/www.minipferd.de\/wp-content\/uploads\/2022\/01\/GD3A1629-1024x683.jpg 1024w, https:\/\/www.minipferd.de\/wp-content\/uploads\/2022\/01\/GD3A1629-scaled-350x233.jpg 350w, https:\/\/www.minipferd.de\/wp-content\/uploads\/2022\/01\/GD3A1629-300x200.jpg 300w, https:\/\/www.minipferd.de\/wp-content\/uploads\/2022\/01\/GD3A1629-768x512.jpg 768w, https:\/\/www.minipferd.de\/wp-content\/uploads\/2022\/01\/GD3A1629-1536x1024.jpg 1536w, https:\/\/www.minipferd.de\/wp-content\/uploads\/2022\/01\/GD3A1629-2048x1365.jpg 2048w\" sizes=\"(max-width: 1024px) 100vw, 1024px\" \/><\/figure>\n\n\n\n<figure class=\"wp-block-image size-large\"><img loading=\"lazy\" decoding=\"async\" width=\"1024\" height=\"683\" data-id=\"1710\" src=\"http:\/\/www.minipferd.de\/wp-content\/uploads\/2022\/01\/GD3A1634-1024x683.jpg\" alt=\"\" class=\"wp-image-1710\" srcset=\"https:\/\/www.minipferd.de\/wp-content\/uploads\/2022\/01\/GD3A1634-1024x683.jpg 1024w, https:\/\/www.minipferd.de\/wp-content\/uploads\/2022\/01\/GD3A1634-scaled-350x233.jpg 350w, https:\/\/www.minipferd.de\/wp-content\/uploads\/2022\/01\/GD3A1634-300x200.jpg 300w, https:\/\/www.minipferd.de\/wp-content\/uploads\/2022\/01\/GD3A1634-768x512.jpg 768w, https:\/\/www.minipferd.de\/wp-content\/uploads\/2022\/01\/GD3A1634-1536x1024.jpg 1536w, https:\/\/www.minipferd.de\/wp-content\/uploads\/2022\/01\/GD3A1634-2048x1365.jpg 2048w\" sizes=\"(max-width: 1024px) 100vw, 1024px\" \/><\/figure>\n\n\n\n<figure class=\"wp-block-image size-large\"><img loading=\"lazy\" decoding=\"async\" width=\"1024\" height=\"683\" data-id=\"1712\" src=\"http:\/\/www.minipferd.de\/wp-content\/uploads\/2022\/01\/GD3A1665-1024x683.jpg\" alt=\"\" class=\"wp-image-1712\" srcset=\"https:\/\/www.minipferd.de\/wp-content\/uploads\/2022\/01\/GD3A1665-1024x683.jpg 1024w, https:\/\/www.minipferd.de\/wp-content\/uploads\/2022\/01\/GD3A1665-scaled-350x233.jpg 350w, https:\/\/www.minipferd.de\/wp-content\/uploads\/2022\/01\/GD3A1665-300x200.jpg 300w, https:\/\/www.minipferd.de\/wp-content\/uploads\/2022\/01\/GD3A1665-768x512.jpg 768w, https:\/\/www.minipferd.de\/wp-content\/uploads\/2022\/01\/GD3A1665-1536x1024.jpg 1536w, https:\/\/www.minipferd.de\/wp-content\/uploads\/2022\/01\/GD3A1665-2048x1365.jpg 2048w\" sizes=\"(max-width: 1024px) 100vw, 1024px\" \/><\/figure>\n<\/figure>\n\n\n\n<h2 class=\"wp-block-heading has-yellow-color has-text-color has-link-color wp-elements-924549b353d80e73bcb2de66fbfaa6b6\"><strong>Messe Leipzig 2020<\/strong><\/h2>\n\n\n\n<figure class=\"wp-block-gallery has-nested-images columns-2 is-cropped wp-block-gallery-14 is-layout-flex wp-block-gallery-is-layout-flex\">\n<figure class=\"wp-block-image size-large\"><img loading=\"lazy\" decoding=\"async\" width=\"768\" height=\"1024\" data-id=\"1738\" src=\"http:\/\/www.minipferd.de\/wp-content\/uploads\/2022\/01\/IMG_1141-1-768x1024.jpg\" alt=\"\" class=\"wp-image-1738\" srcset=\"https:\/\/www.minipferd.de\/wp-content\/uploads\/2022\/01\/IMG_1141-1-768x1024.jpg 768w, https:\/\/www.minipferd.de\/wp-content\/uploads\/2022\/01\/IMG_1141-1-rotated-350x467.jpg 350w, https:\/\/www.minipferd.de\/wp-content\/uploads\/2022\/01\/IMG_1141-1-225x300.jpg 225w, https:\/\/www.minipferd.de\/wp-content\/uploads\/2022\/01\/IMG_1141-1-1152x1536.jpg 1152w, https:\/\/www.minipferd.de\/wp-content\/uploads\/2022\/01\/IMG_1141-1-rotated.jpg 1512w\" sizes=\"(max-width: 768px) 100vw, 768px\" \/><\/figure>\n\n\n\n<figure class=\"wp-block-image size-large\"><img loading=\"lazy\" decoding=\"async\" width=\"1024\" height=\"984\" data-id=\"1739\" src=\"http:\/\/www.minipferd.de\/wp-content\/uploads\/2022\/01\/IMG_1256-1-1024x984.jpg\" alt=\"\" class=\"wp-image-1739\" srcset=\"https:\/\/www.minipferd.de\/wp-content\/uploads\/2022\/01\/IMG_1256-1-1024x984.jpg 1024w, https:\/\/www.minipferd.de\/wp-content\/uploads\/2022\/01\/IMG_1256-1-350x336.jpg 350w, https:\/\/www.minipferd.de\/wp-content\/uploads\/2022\/01\/IMG_1256-1-300x288.jpg 300w, https:\/\/www.minipferd.de\/wp-content\/uploads\/2022\/01\/IMG_1256-1-768x738.jpg 768w, https:\/\/www.minipferd.de\/wp-content\/uploads\/2022\/01\/IMG_1256-1.jpg 1280w\" sizes=\"(max-width: 1024px) 100vw, 1024px\" \/><\/figure>\n\n\n\n<figure class=\"wp-block-image size-large\"><img loading=\"lazy\" decoding=\"async\" width=\"1025\" height=\"684\" data-id=\"1740\" src=\"http:\/\/www.minipferd.de\/wp-content\/uploads\/2022\/01\/IMG_1257-1.jpg\" alt=\"\" class=\"wp-image-1740\" srcset=\"https:\/\/www.minipferd.de\/wp-content\/uploads\/2022\/01\/IMG_1257-1.jpg 1025w, https:\/\/www.minipferd.de\/wp-content\/uploads\/2022\/01\/IMG_1257-1-350x234.jpg 350w, https:\/\/www.minipferd.de\/wp-content\/uploads\/2022\/01\/IMG_1257-1-300x200.jpg 300w, https:\/\/www.minipferd.de\/wp-content\/uploads\/2022\/01\/IMG_1257-1-768x512.jpg 768w\" sizes=\"(max-width: 1025px) 100vw, 1025px\" \/><\/figure>\n\n\n\n<figure class=\"wp-block-image size-large\"><img loading=\"lazy\" decoding=\"async\" width=\"680\" height=\"1024\" data-id=\"1736\" src=\"http:\/\/www.minipferd.de\/wp-content\/uploads\/2022\/01\/50b932e6-abd4-43ab-871d-034f5972ed9d-1-680x1024.jpg\" alt=\"\" class=\"wp-image-1736\" srcset=\"https:\/\/www.minipferd.de\/wp-content\/uploads\/2022\/01\/50b932e6-abd4-43ab-871d-034f5972ed9d-1-680x1024.jpg 680w, https:\/\/www.minipferd.de\/wp-content\/uploads\/2022\/01\/50b932e6-abd4-43ab-871d-034f5972ed9d-1-350x527.jpg 350w, https:\/\/www.minipferd.de\/wp-content\/uploads\/2022\/01\/50b932e6-abd4-43ab-871d-034f5972ed9d-1-199x300.jpg 199w, https:\/\/www.minipferd.de\/wp-content\/uploads\/2022\/01\/50b932e6-abd4-43ab-871d-034f5972ed9d-1-768x1157.jpg 768w, https:\/\/www.minipferd.de\/wp-content\/uploads\/2022\/01\/50b932e6-abd4-43ab-871d-034f5972ed9d-1.jpg 850w\" sizes=\"(max-width: 680px) 100vw, 680px\" \/><\/figure>\n\n\n\n<figure class=\"wp-block-image size-large\"><img loading=\"lazy\" decoding=\"async\" width=\"790\" height=\"1024\" data-id=\"1742\" src=\"http:\/\/www.minipferd.de\/wp-content\/uploads\/2022\/01\/IMG_1328-1-790x1024.jpg\" alt=\"\" class=\"wp-image-1742\" srcset=\"https:\/\/www.minipferd.de\/wp-content\/uploads\/2022\/01\/IMG_1328-1-790x1024.jpg 790w, https:\/\/www.minipferd.de\/wp-content\/uploads\/2022\/01\/IMG_1328-1-350x454.jpg 350w, https:\/\/www.minipferd.de\/wp-content\/uploads\/2022\/01\/IMG_1328-1-231x300.jpg 231w, https:\/\/www.minipferd.de\/wp-content\/uploads\/2022\/01\/IMG_1328-1-768x996.jpg 768w, https:\/\/www.minipferd.de\/wp-content\/uploads\/2022\/01\/IMG_1328-1.jpg 987w\" sizes=\"(max-width: 790px) 100vw, 790px\" \/><\/figure>\n\n\n\n<figure class=\"wp-block-image size-large\"><img loading=\"lazy\" decoding=\"async\" width=\"1024\" height=\"768\" data-id=\"1741\" src=\"http:\/\/www.minipferd.de\/wp-content\/uploads\/2022\/01\/IMG_1306-1-1024x768.jpg\" alt=\"\" class=\"wp-image-1741\" srcset=\"https:\/\/www.minipferd.de\/wp-content\/uploads\/2022\/01\/IMG_1306-1-1024x768.jpg 1024w, https:\/\/www.minipferd.de\/wp-content\/uploads\/2022\/01\/IMG_1306-1-350x263.jpg 350w, https:\/\/www.minipferd.de\/wp-content\/uploads\/2022\/01\/IMG_1306-1-300x225.jpg 300w, https:\/\/www.minipferd.de\/wp-content\/uploads\/2022\/01\/IMG_1306-1-768x576.jpg 768w, https:\/\/www.minipferd.de\/wp-content\/uploads\/2022\/01\/IMG_1306-1-1536x1152.jpg 1536w, https:\/\/www.minipferd.de\/wp-content\/uploads\/2022\/01\/IMG_1306-1.jpg 2016w\" sizes=\"(max-width: 1024px) 100vw, 1024px\" \/><\/figure>\n<\/figure>\n\n\n\n<h2 class=\"wp-block-heading has-yellow-color has-text-color has-link-color wp-elements-1c56e147c8124b33fb24507d77e1af2f\">Pferdemesse Magdeburg 2020<\/h2>\n\n\n\n<figure class=\"wp-block-gallery has-nested-images columns-2 is-cropped wp-block-gallery-15 is-layout-flex wp-block-gallery-is-layout-flex\">\n<figure class=\"wp-block-image size-large\"><img loading=\"lazy\" decoding=\"async\" width=\"1024\" height=\"680\" data-id=\"1720\" src=\"http:\/\/www.minipferd.de\/wp-content\/uploads\/2022\/01\/messe-magdeburg-217-1024x680.jpg\" alt=\"\" class=\"wp-image-1720\" srcset=\"https:\/\/www.minipferd.de\/wp-content\/uploads\/2022\/01\/messe-magdeburg-217-1024x680.jpg 1024w, https:\/\/www.minipferd.de\/wp-content\/uploads\/2022\/01\/messe-magdeburg-217-350x233.jpg 350w, https:\/\/www.minipferd.de\/wp-content\/uploads\/2022\/01\/messe-magdeburg-217-300x199.jpg 300w, https:\/\/www.minipferd.de\/wp-content\/uploads\/2022\/01\/messe-magdeburg-217-768x510.jpg 768w, https:\/\/www.minipferd.de\/wp-content\/uploads\/2022\/01\/messe-magdeburg-217-1536x1021.jpg 1536w, https:\/\/www.minipferd.de\/wp-content\/uploads\/2022\/01\/messe-magdeburg-217-2048x1361.jpg 2048w\" sizes=\"(max-width: 1024px) 100vw, 1024px\" \/><\/figure>\n\n\n\n<figure class=\"wp-block-image size-large\"><img loading=\"lazy\" decoding=\"async\" width=\"1024\" height=\"680\" data-id=\"1721\" src=\"http:\/\/www.minipferd.de\/wp-content\/uploads\/2022\/01\/messe-magdeburg-241-1024x680.jpg\" alt=\"\" class=\"wp-image-1721\" srcset=\"https:\/\/www.minipferd.de\/wp-content\/uploads\/2022\/01\/messe-magdeburg-241-1024x680.jpg 1024w, https:\/\/www.minipferd.de\/wp-content\/uploads\/2022\/01\/messe-magdeburg-241-350x233.jpg 350w, https:\/\/www.minipferd.de\/wp-content\/uploads\/2022\/01\/messe-magdeburg-241-300x199.jpg 300w, https:\/\/www.minipferd.de\/wp-content\/uploads\/2022\/01\/messe-magdeburg-241-768x510.jpg 768w, https:\/\/www.minipferd.de\/wp-content\/uploads\/2022\/01\/messe-magdeburg-241-1536x1021.jpg 1536w, https:\/\/www.minipferd.de\/wp-content\/uploads\/2022\/01\/messe-magdeburg-241-2048x1361.jpg 2048w\" sizes=\"(max-width: 1024px) 100vw, 1024px\" \/><\/figure>\n\n\n\n<figure class=\"wp-block-image size-large\"><img loading=\"lazy\" decoding=\"async\" width=\"1024\" height=\"680\" data-id=\"1722\" src=\"http:\/\/www.minipferd.de\/wp-content\/uploads\/2022\/01\/messe-magdeburg-260-1024x680.jpg\" alt=\"\" class=\"wp-image-1722\" srcset=\"https:\/\/www.minipferd.de\/wp-content\/uploads\/2022\/01\/messe-magdeburg-260-1024x680.jpg 1024w, https:\/\/www.minipferd.de\/wp-content\/uploads\/2022\/01\/messe-magdeburg-260-350x233.jpg 350w, https:\/\/www.minipferd.de\/wp-content\/uploads\/2022\/01\/messe-magdeburg-260-300x199.jpg 300w, https:\/\/www.minipferd.de\/wp-content\/uploads\/2022\/01\/messe-magdeburg-260-768x510.jpg 768w, https:\/\/www.minipferd.de\/wp-content\/uploads\/2022\/01\/messe-magdeburg-260-1536x1021.jpg 1536w, https:\/\/www.minipferd.de\/wp-content\/uploads\/2022\/01\/messe-magdeburg-260-2048x1361.jpg 2048w\" sizes=\"(max-width: 1024px) 100vw, 1024px\" \/><\/figure>\n\n\n\n<figure class=\"wp-block-image size-large\"><img loading=\"lazy\" decoding=\"async\" width=\"1024\" height=\"680\" data-id=\"1723\" src=\"http:\/\/www.minipferd.de\/wp-content\/uploads\/2022\/01\/messe-magdeburg-264-1024x680.jpg\" alt=\"\" class=\"wp-image-1723\" srcset=\"https:\/\/www.minipferd.de\/wp-content\/uploads\/2022\/01\/messe-magdeburg-264-1024x680.jpg 1024w, https:\/\/www.minipferd.de\/wp-content\/uploads\/2022\/01\/messe-magdeburg-264-350x233.jpg 350w, https:\/\/www.minipferd.de\/wp-content\/uploads\/2022\/01\/messe-magdeburg-264-300x199.jpg 300w, https:\/\/www.minipferd.de\/wp-content\/uploads\/2022\/01\/messe-magdeburg-264-768x510.jpg 768w, https:\/\/www.minipferd.de\/wp-content\/uploads\/2022\/01\/messe-magdeburg-264-1536x1021.jpg 1536w, https:\/\/www.minipferd.de\/wp-content\/uploads\/2022\/01\/messe-magdeburg-264-2048x1361.jpg 2048w\" sizes=\"(max-width: 1024px) 100vw, 1024px\" \/><\/figure>\n\n\n\n<figure class=\"wp-block-image size-large\"><img loading=\"lazy\" decoding=\"async\" width=\"1024\" height=\"680\" data-id=\"1724\" src=\"http:\/\/www.minipferd.de\/wp-content\/uploads\/2022\/01\/messe-magdeburg-276-1024x680.jpg\" alt=\"\" class=\"wp-image-1724\" srcset=\"https:\/\/www.minipferd.de\/wp-content\/uploads\/2022\/01\/messe-magdeburg-276-1024x680.jpg 1024w, https:\/\/www.minipferd.de\/wp-content\/uploads\/2022\/01\/messe-magdeburg-276-350x233.jpg 350w, https:\/\/www.minipferd.de\/wp-content\/uploads\/2022\/01\/messe-magdeburg-276-300x199.jpg 300w, https:\/\/www.minipferd.de\/wp-content\/uploads\/2022\/01\/messe-magdeburg-276-768x510.jpg 768w, https:\/\/www.minipferd.de\/wp-content\/uploads\/2022\/01\/messe-magdeburg-276-1536x1021.jpg 1536w, https:\/\/www.minipferd.de\/wp-content\/uploads\/2022\/01\/messe-magdeburg-276-2048x1361.jpg 2048w\" sizes=\"(max-width: 1024px) 100vw, 1024px\" \/><\/figure>\n\n\n\n<figure class=\"wp-block-image size-large\"><img loading=\"lazy\" decoding=\"async\" width=\"1024\" height=\"680\" data-id=\"1725\" src=\"http:\/\/www.minipferd.de\/wp-content\/uploads\/2022\/01\/messe-magdeburg-292-1024x680.jpg\" alt=\"\" class=\"wp-image-1725\" srcset=\"https:\/\/www.minipferd.de\/wp-content\/uploads\/2022\/01\/messe-magdeburg-292-1024x680.jpg 1024w, https:\/\/www.minipferd.de\/wp-content\/uploads\/2022\/01\/messe-magdeburg-292-350x233.jpg 350w, https:\/\/www.minipferd.de\/wp-content\/uploads\/2022\/01\/messe-magdeburg-292-300x199.jpg 300w, https:\/\/www.minipferd.de\/wp-content\/uploads\/2022\/01\/messe-magdeburg-292-768x510.jpg 768w, https:\/\/www.minipferd.de\/wp-content\/uploads\/2022\/01\/messe-magdeburg-292-1536x1021.jpg 1536w, https:\/\/www.minipferd.de\/wp-content\/uploads\/2022\/01\/messe-magdeburg-292-2048x1361.jpg 2048w\" sizes=\"(max-width: 1024px) 100vw, 1024px\" \/><\/figure>\n\n\n\n<figure class=\"wp-block-image size-large\"><img loading=\"lazy\" decoding=\"async\" width=\"1024\" height=\"680\" data-id=\"1726\" src=\"http:\/\/www.minipferd.de\/wp-content\/uploads\/2022\/01\/messe-magdeburg-320-1024x680.jpg\" alt=\"\" class=\"wp-image-1726\" srcset=\"https:\/\/www.minipferd.de\/wp-content\/uploads\/2022\/01\/messe-magdeburg-320-1024x680.jpg 1024w, https:\/\/www.minipferd.de\/wp-content\/uploads\/2022\/01\/messe-magdeburg-320-350x233.jpg 350w, https:\/\/www.minipferd.de\/wp-content\/uploads\/2022\/01\/messe-magdeburg-320-300x199.jpg 300w, https:\/\/www.minipferd.de\/wp-content\/uploads\/2022\/01\/messe-magdeburg-320-768x510.jpg 768w, https:\/\/www.minipferd.de\/wp-content\/uploads\/2022\/01\/messe-magdeburg-320-1536x1021.jpg 1536w, https:\/\/www.minipferd.de\/wp-content\/uploads\/2022\/01\/messe-magdeburg-320-2048x1361.jpg 2048w\" sizes=\"(max-width: 1024px) 100vw, 1024px\" \/><\/figure>\n<\/figure>\n\n\n\n<h2 class=\"wp-block-heading has-yellow-color has-text-color has-link-color wp-elements-d757b7925decfa04413e60eda2ad054b\">Dreh f\u00fcr Kika Live<\/h2>\n\n\n\n<figure class=\"wp-block-gallery has-nested-images columns-2 is-cropped wp-block-gallery-16 is-layout-flex wp-block-gallery-is-layout-flex\">\n<figure class=\"wp-block-image size-large\"><img loading=\"lazy\" decoding=\"async\" width=\"1024\" height=\"586\" data-id=\"1713\" src=\"http:\/\/www.minipferd.de\/wp-content\/uploads\/2022\/01\/IMG_2198-1024x586.jpg\" alt=\"\" class=\"wp-image-1713\" srcset=\"https:\/\/www.minipferd.de\/wp-content\/uploads\/2022\/01\/IMG_2198-1024x586.jpg 1024w, https:\/\/www.minipferd.de\/wp-content\/uploads\/2022\/01\/IMG_2198-350x200.jpg 350w, https:\/\/www.minipferd.de\/wp-content\/uploads\/2022\/01\/IMG_2198-300x172.jpg 300w, https:\/\/www.minipferd.de\/wp-content\/uploads\/2022\/01\/IMG_2198-768x440.jpg 768w, https:\/\/www.minipferd.de\/wp-content\/uploads\/2022\/01\/IMG_2198.jpg 1284w\" sizes=\"(max-width: 1024px) 100vw, 1024px\" \/><\/figure>\n\n\n\n<figure class=\"wp-block-image size-large\"><img loading=\"lazy\" decoding=\"async\" width=\"1024\" height=\"577\" data-id=\"1714\" src=\"http:\/\/www.minipferd.de\/wp-content\/uploads\/2022\/01\/IMG_2199-1024x577.jpg\" alt=\"\" class=\"wp-image-1714\" srcset=\"https:\/\/www.minipferd.de\/wp-content\/uploads\/2022\/01\/IMG_2199-1024x577.jpg 1024w, https:\/\/www.minipferd.de\/wp-content\/uploads\/2022\/01\/IMG_2199-350x197.jpg 350w, https:\/\/www.minipferd.de\/wp-content\/uploads\/2022\/01\/IMG_2199-300x169.jpg 300w, https:\/\/www.minipferd.de\/wp-content\/uploads\/2022\/01\/IMG_2199-768x432.jpg 768w, https:\/\/www.minipferd.de\/wp-content\/uploads\/2022\/01\/IMG_2199.jpg 1284w\" sizes=\"(max-width: 1024px) 100vw, 1024px\" \/><\/figure>\n\n\n\n<figure class=\"wp-block-image size-large\"><img loading=\"lazy\" decoding=\"async\" width=\"1024\" height=\"588\" data-id=\"1715\" src=\"http:\/\/www.minipferd.de\/wp-content\/uploads\/2022\/01\/IMG_2200-1024x588.jpg\" alt=\"\" class=\"wp-image-1715\" srcset=\"https:\/\/www.minipferd.de\/wp-content\/uploads\/2022\/01\/IMG_2200-1024x588.jpg 1024w, https:\/\/www.minipferd.de\/wp-content\/uploads\/2022\/01\/IMG_2200-350x201.jpg 350w, https:\/\/www.minipferd.de\/wp-content\/uploads\/2022\/01\/IMG_2200-300x172.jpg 300w, https:\/\/www.minipferd.de\/wp-content\/uploads\/2022\/01\/IMG_2200-768x441.jpg 768w, https:\/\/www.minipferd.de\/wp-content\/uploads\/2022\/01\/IMG_2200.jpg 1209w\" sizes=\"(max-width: 1024px) 100vw, 1024px\" \/><\/figure>\n<\/figure>\n\n\n\n<h2 class=\"wp-block-heading has-yellow-color has-text-color has-link-color wp-elements-4ea1c95187a407bd2c6db463bb16bad9\">Dreh f\u00fcr Kinofilm &#8222;Immenhof&#8220;                         f\u00fcr die Filmpferde 2020<\/h2>\n\n\n\n<figure class=\"wp-block-gallery has-nested-images columns-default is-cropped wp-block-gallery-17 is-layout-flex wp-block-gallery-is-layout-flex\">\n<figure class=\"wp-block-image size-large\"><img loading=\"lazy\" decoding=\"async\" width=\"1024\" height=\"877\" data-id=\"1716\" src=\"http:\/\/www.minipferd.de\/wp-content\/uploads\/2022\/01\/33a409ba-08c3-432c-b6fe-1e76527caaf5-1024x877.jpg\" alt=\"\" class=\"wp-image-1716\" srcset=\"https:\/\/www.minipferd.de\/wp-content\/uploads\/2022\/01\/33a409ba-08c3-432c-b6fe-1e76527caaf5-1024x877.jpg 1024w, https:\/\/www.minipferd.de\/wp-content\/uploads\/2022\/01\/33a409ba-08c3-432c-b6fe-1e76527caaf5-350x300.jpg 350w, https:\/\/www.minipferd.de\/wp-content\/uploads\/2022\/01\/33a409ba-08c3-432c-b6fe-1e76527caaf5-300x257.jpg 300w, https:\/\/www.minipferd.de\/wp-content\/uploads\/2022\/01\/33a409ba-08c3-432c-b6fe-1e76527caaf5-768x658.jpg 768w, https:\/\/www.minipferd.de\/wp-content\/uploads\/2022\/01\/33a409ba-08c3-432c-b6fe-1e76527caaf5-1536x1315.jpg 1536w, https:\/\/www.minipferd.de\/wp-content\/uploads\/2022\/01\/33a409ba-08c3-432c-b6fe-1e76527caaf5.jpg 1543w\" sizes=\"(max-width: 1024px) 100vw, 1024px\" \/><\/figure>\n\n\n\n<figure class=\"wp-block-image size-large\"><img loading=\"lazy\" decoding=\"async\" width=\"1024\" height=\"1024\" data-id=\"1717\" src=\"http:\/\/www.minipferd.de\/wp-content\/uploads\/2022\/01\/999E4F35-5021-43ED-8440-67C936E0005F-1024x1024.jpg\" alt=\"\" class=\"wp-image-1717\" srcset=\"https:\/\/www.minipferd.de\/wp-content\/uploads\/2022\/01\/999E4F35-5021-43ED-8440-67C936E0005F-1024x1024.jpg 1024w, https:\/\/www.minipferd.de\/wp-content\/uploads\/2022\/01\/999E4F35-5021-43ED-8440-67C936E0005F-200x200.jpg 200w, https:\/\/www.minipferd.de\/wp-content\/uploads\/2022\/01\/999E4F35-5021-43ED-8440-67C936E0005F-100x100.jpg 100w, https:\/\/www.minipferd.de\/wp-content\/uploads\/2022\/01\/999E4F35-5021-43ED-8440-67C936E0005F-350x350.jpg 350w, https:\/\/www.minipferd.de\/wp-content\/uploads\/2022\/01\/999E4F35-5021-43ED-8440-67C936E0005F-300x300.jpg 300w, https:\/\/www.minipferd.de\/wp-content\/uploads\/2022\/01\/999E4F35-5021-43ED-8440-67C936E0005F-150x150.jpg 150w, https:\/\/www.minipferd.de\/wp-content\/uploads\/2022\/01\/999E4F35-5021-43ED-8440-67C936E0005F-768x768.jpg 768w, https:\/\/www.minipferd.de\/wp-content\/uploads\/2022\/01\/999E4F35-5021-43ED-8440-67C936E0005F-1536x1536.jpg 1536w, https:\/\/www.minipferd.de\/wp-content\/uploads\/2022\/01\/999E4F35-5021-43ED-8440-67C936E0005F-2048x2048.jpg 2048w\" sizes=\"(max-width: 1024px) 100vw, 1024px\" \/><\/figure>\n\n\n\n<figure class=\"wp-block-image size-large\"><img loading=\"lazy\" decoding=\"async\" width=\"1024\" height=\"782\" data-id=\"1718\" src=\"http:\/\/www.minipferd.de\/wp-content\/uploads\/2022\/01\/IMG_3161-1024x782.jpg\" alt=\"\" class=\"wp-image-1718\" srcset=\"https:\/\/www.minipferd.de\/wp-content\/uploads\/2022\/01\/IMG_3161-1024x782.jpg 1024w, https:\/\/www.minipferd.de\/wp-content\/uploads\/2022\/01\/IMG_3161-350x267.jpg 350w, https:\/\/www.minipferd.de\/wp-content\/uploads\/2022\/01\/IMG_3161-300x229.jpg 300w, https:\/\/www.minipferd.de\/wp-content\/uploads\/2022\/01\/IMG_3161-768x586.jpg 768w, https:\/\/www.minipferd.de\/wp-content\/uploads\/2022\/01\/IMG_3161.jpg 1500w\" sizes=\"(max-width: 1024px) 100vw, 1024px\" \/><figcaption class=\"wp-element-caption\">Immenhof 2<\/figcaption><\/figure>\n\n\n\n<figure class=\"wp-block-image size-large\"><img loading=\"lazy\" decoding=\"async\" width=\"1024\" height=\"683\" data-id=\"1719\" src=\"http:\/\/www.minipferd.de\/wp-content\/uploads\/2022\/01\/IMG_3423-1024x683.jpg\" alt=\"\" class=\"wp-image-1719\" srcset=\"https:\/\/www.minipferd.de\/wp-content\/uploads\/2022\/01\/IMG_3423-1024x683.jpg 1024w, https:\/\/www.minipferd.de\/wp-content\/uploads\/2022\/01\/IMG_3423-scaled-350x233.jpg 350w, https:\/\/www.minipferd.de\/wp-content\/uploads\/2022\/01\/IMG_3423-300x200.jpg 300w, https:\/\/www.minipferd.de\/wp-content\/uploads\/2022\/01\/IMG_3423-768x512.jpg 768w, https:\/\/www.minipferd.de\/wp-content\/uploads\/2022\/01\/IMG_3423-1536x1024.jpg 1536w, https:\/\/www.minipferd.de\/wp-content\/uploads\/2022\/01\/IMG_3423-2048x1365.jpg 2048w\" sizes=\"(max-width: 1024px) 100vw, 1024px\" \/><figcaption class=\"wp-element-caption\">Immenhof 2<\/figcaption><\/figure>\n<\/figure>\n\n\n\n<h2 class=\"wp-block-heading has-yellow-color has-text-color has-link-color wp-elements-9c34367ab23c389d92cbc75cc6c783fd\">TV Auftritt im Studio bei TV-Total                     mit Stefan Raab 2013<\/h2>\n\n\n\n<figure class=\"wp-block-gallery has-nested-images columns-default is-cropped wp-block-gallery-18 is-layout-flex wp-block-gallery-is-layout-flex\">\n<figure class=\"wp-block-image size-large\"><img loading=\"lazy\" decoding=\"async\" width=\"1024\" height=\"959\" data-id=\"1745\" src=\"http:\/\/www.minipferd.de\/wp-content\/uploads\/2022\/01\/IMG_2202-1-1024x959.jpg\" alt=\"\" class=\"wp-image-1745\" srcset=\"https:\/\/www.minipferd.de\/wp-content\/uploads\/2022\/01\/IMG_2202-1-1024x959.jpg 1024w, https:\/\/www.minipferd.de\/wp-content\/uploads\/2022\/01\/IMG_2202-1-350x328.jpg 350w, https:\/\/www.minipferd.de\/wp-content\/uploads\/2022\/01\/IMG_2202-1-300x281.jpg 300w, https:\/\/www.minipferd.de\/wp-content\/uploads\/2022\/01\/IMG_2202-1-768x720.jpg 768w, https:\/\/www.minipferd.de\/wp-content\/uploads\/2022\/01\/IMG_2202-1.jpg 1284w\" sizes=\"(max-width: 1024px) 100vw, 1024px\" \/><\/figure>\n\n\n\n<figure class=\"wp-block-image size-large\"><img loading=\"lazy\" decoding=\"async\" width=\"1024\" height=\"959\" data-id=\"1746\" src=\"http:\/\/www.minipferd.de\/wp-content\/uploads\/2022\/01\/IMG_2203-1024x959.jpg\" alt=\"\" class=\"wp-image-1746\" srcset=\"https:\/\/www.minipferd.de\/wp-content\/uploads\/2022\/01\/IMG_2203-1024x959.jpg 1024w, https:\/\/www.minipferd.de\/wp-content\/uploads\/2022\/01\/IMG_2203-350x328.jpg 350w, https:\/\/www.minipferd.de\/wp-content\/uploads\/2022\/01\/IMG_2203-300x281.jpg 300w, https:\/\/www.minipferd.de\/wp-content\/uploads\/2022\/01\/IMG_2203-768x720.jpg 768w, https:\/\/www.minipferd.de\/wp-content\/uploads\/2022\/01\/IMG_2203.jpg 1284w\" sizes=\"(max-width: 1024px) 100vw, 1024px\" \/><\/figure>\n<\/figure>\n\n\n\n<h2 class=\"wp-block-heading has-yellow-color has-text-color has-link-color wp-elements-d8583fa9cbae942f8617decda3a1866c\">Dreh mit Diana Eichhorn VOX 2012<\/h2>\n\n\n\n<figure class=\"wp-block-gallery has-nested-images columns-1 is-cropped wp-block-gallery-19 is-layout-flex wp-block-gallery-is-layout-flex\">\n<figure class=\"wp-block-image size-large\"><img loading=\"lazy\" decoding=\"async\" width=\"1024\" height=\"576\" data-id=\"1747\" src=\"http:\/\/www.minipferd.de\/wp-content\/uploads\/2022\/01\/diana-eichhorn-und-die-amerikanischen-miniaturpferde-1024x576.jpg\" alt=\"\" class=\"wp-image-1747\" srcset=\"https:\/\/www.minipferd.de\/wp-content\/uploads\/2022\/01\/diana-eichhorn-und-die-amerikanischen-miniaturpferde-1024x576.jpg 1024w, https:\/\/www.minipferd.de\/wp-content\/uploads\/2022\/01\/diana-eichhorn-und-die-amerikanischen-miniaturpferde-350x197.jpg 350w, https:\/\/www.minipferd.de\/wp-content\/uploads\/2022\/01\/diana-eichhorn-und-die-amerikanischen-miniaturpferde-300x169.jpg 300w, https:\/\/www.minipferd.de\/wp-content\/uploads\/2022\/01\/diana-eichhorn-und-die-amerikanischen-miniaturpferde-768x432.jpg 768w, https:\/\/www.minipferd.de\/wp-content\/uploads\/2022\/01\/diana-eichhorn-und-die-amerikanischen-miniaturpferde-1536x864.jpg 1536w, https:\/\/www.minipferd.de\/wp-content\/uploads\/2022\/01\/diana-eichhorn-und-die-amerikanischen-miniaturpferde-2048x1152.jpg 2048w\" sizes=\"(max-width: 1024px) 100vw, 1024px\" \/><\/figure>\n\n\n\n<figure class=\"wp-block-image size-large\"><img loading=\"lazy\" decoding=\"async\" width=\"1024\" height=\"801\" data-id=\"1748\" src=\"http:\/\/www.minipferd.de\/wp-content\/uploads\/2022\/01\/IMG_2204-1024x801.jpg\" alt=\"\" class=\"wp-image-1748\" srcset=\"https:\/\/www.minipferd.de\/wp-content\/uploads\/2022\/01\/IMG_2204-1024x801.jpg 1024w, https:\/\/www.minipferd.de\/wp-content\/uploads\/2022\/01\/IMG_2204-350x274.jpg 350w, https:\/\/www.minipferd.de\/wp-content\/uploads\/2022\/01\/IMG_2204-300x235.jpg 300w, https:\/\/www.minipferd.de\/wp-content\/uploads\/2022\/01\/IMG_2204-768x601.jpg 768w, https:\/\/www.minipferd.de\/wp-content\/uploads\/2022\/01\/IMG_2204.jpg 1156w\" sizes=\"(max-width: 1024px) 100vw, 1024px\" \/><\/figure>\n<\/figure>\n\n\n\n<h4 class=\"wp-block-heading has-yellow-color has-text-color has-link-color wp-elements-82d8249d102a66dc73e87e3deb3a8b9b\">Old Impressions<\/h4>\n\n\n\n<figure class=\"wp-block-gallery has-nested-images columns-2 is-cropped wp-block-gallery-20 is-layout-flex wp-block-gallery-is-layout-flex\">\n<figure class=\"wp-block-image size-large\"><img loading=\"lazy\" decoding=\"async\" width=\"1024\" height=\"683\" data-id=\"471\" src=\"http:\/\/www.minipferd.de\/wp-content\/uploads\/2019\/03\/IMG_1795-1024x683.jpg\" alt=\"\" class=\"wp-image-471\" srcset=\"https:\/\/www.minipferd.de\/wp-content\/uploads\/2019\/03\/IMG_1795-1024x683.jpg 1024w, https:\/\/www.minipferd.de\/wp-content\/uploads\/2019\/03\/IMG_1795-350x233.jpg 350w, https:\/\/www.minipferd.de\/wp-content\/uploads\/2019\/03\/IMG_1795-300x200.jpg 300w, https:\/\/www.minipferd.de\/wp-content\/uploads\/2019\/03\/IMG_1795-768x512.jpg 768w\" sizes=\"(max-width: 1024px) 100vw, 1024px\" \/><\/figure>\n\n\n\n<figure class=\"wp-block-image size-large\"><img loading=\"lazy\" decoding=\"async\" width=\"1024\" height=\"683\" data-id=\"472\" src=\"http:\/\/www.minipferd.de\/wp-content\/uploads\/2019\/03\/IMG_1824-1024x683.jpg\" alt=\"\" class=\"wp-image-472\" srcset=\"https:\/\/www.minipferd.de\/wp-content\/uploads\/2019\/03\/IMG_1824-1024x683.jpg 1024w, https:\/\/www.minipferd.de\/wp-content\/uploads\/2019\/03\/IMG_1824-350x233.jpg 350w, https:\/\/www.minipferd.de\/wp-content\/uploads\/2019\/03\/IMG_1824-300x200.jpg 300w, https:\/\/www.minipferd.de\/wp-content\/uploads\/2019\/03\/IMG_1824-768x512.jpg 768w\" sizes=\"(max-width: 1024px) 100vw, 1024px\" \/><\/figure>\n\n\n\n<figure class=\"wp-block-image size-large\"><img loading=\"lazy\" decoding=\"async\" width=\"1024\" height=\"627\" data-id=\"473\" src=\"http:\/\/www.minipferd.de\/wp-content\/uploads\/2019\/03\/ToroShire-1024x627.jpg\" alt=\"\" class=\"wp-image-473\" srcset=\"https:\/\/www.minipferd.de\/wp-content\/uploads\/2019\/03\/ToroShire-1024x627.jpg 1024w, https:\/\/www.minipferd.de\/wp-content\/uploads\/2019\/03\/ToroShire-350x214.jpg 350w, https:\/\/www.minipferd.de\/wp-content\/uploads\/2019\/03\/ToroShire-300x184.jpg 300w, https:\/\/www.minipferd.de\/wp-content\/uploads\/2019\/03\/ToroShire-768x470.jpg 768w\" sizes=\"(max-width: 1024px) 100vw, 1024px\" \/><\/figure>\n<\/figure>\n\n\n\n<p><\/p>\n","protected":false},"excerpt":{"rendered":"<p>Mit unseren Miniaturpferden besuchen wir regelm\u00e4\u00dfig internationale Shows und sind \u00a0im Fernsehen\u00a0 zu sehen. Wir konnten uns bereits zahlreiche internationale Titel auf Miniaturpferdeshows sichern! Unsere Minis sind au\u00dferdem als Filmpferde t\u00e4tig und werden immer wieder mal als Filmpferdchen gebucht. AMHA Show Belgien 2025 Was f\u00fcr eine WAHNSINNS SHOW! Unsere Pferdchen konnten auch in diesem Jahr &hellip; <a href=\"https:\/\/www.minipferd.de\/?page_id=455\" class=\"more-link\"><span class=\"screen-reader-text\">Shows<\/span> weiterlesen<\/a><\/p>\n","protected":false},"author":1,"featured_media":0,"parent":0,"menu_order":0,"comment_status":"closed","ping_status":"closed","template":"","meta":{"footnotes":""},"class_list":["post-455","page","type-page","status-publish","hentry"],"_links":{"self":[{"href":"https:\/\/www.minipferd.de\/index.php?rest_route=\/wp\/v2\/pages\/455"}],"collection":[{"href":"https:\/\/www.minipferd.de\/index.php?rest_route=\/wp\/v2\/pages"}],"about":[{"href":"https:\/\/www.minipferd.de\/index.php?rest_route=\/wp\/v2\/types\/page"}],"author":[{"embeddable":true,"href":"https:\/\/www.minipferd.de\/index.php?rest_route=\/wp\/v2\/users\/1"}],"replies":[{"embeddable":true,"href":"https:\/\/www.minipferd.de\/index.php?rest_route=%2Fwp%2Fv2%2Fcomments&post=455"}],"version-history":[{"count":30,"href":"https:\/\/www.minipferd.de\/index.php?rest_route=\/wp\/v2\/pages\/455\/revisions"}],"predecessor-version":[{"id":2870,"href":"https:\/\/www.minipferd.de\/index.php?rest_route=\/wp\/v2\/pages\/455\/revisions\/2870"}],"wp:attachment":[{"href":"https:\/\/www.minipferd.de\/index.php?rest_route=%2Fwp%2Fv2%2Fmedia&parent=455"}],"curies":[{"name":"wp","href":"https:\/\/api.w.org\/{rel}","templated":true}]}}