{"id":1350,"date":"2022-01-13T14:23:38","date_gmt":"2022-01-13T13:23:38","guid":{"rendered":"http:\/\/www.minipferd.de\/?page_id=1350"},"modified":"2025-09-10T12:44:03","modified_gmt":"2025-09-10T10:44:03","slug":"js-royal-cocos-tigerlilli","status":"publish","type":"page","link":"https:\/\/www.minipferd.de\/?page_id=1350","title":{"rendered":"JS Royal Cocos Tigerlilli"},"content":{"rendered":"\n<div class=\"wp-block-group mobile-flex-reverse is-nowrap is-layout-flex wp-container-core-group-is-layout-3 wp-block-group-is-layout-flex\">\n<div class=\"wp-block-group wp-container-content-1\"><div class=\"wp-block-group__inner-container is-layout-constrained wp-block-group-is-layout-constrained\">\n<p class=\"has-yellow-color has-text-color has-link-color wp-elements-18cb5c8060a7264ab721365a97937403\">Spitzname: Lilli<br>Geboren: 10.03.21<br>Gr\u00f6\u00dfe: 77 cm<br>Farbe: Fuchstiger<\/p>\n<\/div><\/div>\n\n\n\n<div class=\"wp-block-group wp-container-content-2\"><div class=\"wp-block-group__inner-container is-layout-constrained wp-block-group-is-layout-constrained\">\n<figure class=\"wp-block-image size-large is-style-default\"><img loading=\"lazy\" decoding=\"async\" width=\"1024\" height=\"683\" src=\"http:\/\/www.minipferd.de\/wp-content\/uploads\/2024\/07\/IMG_4148-1024x683.jpg\" alt=\"\" class=\"wp-image-2403\" style=\"object-fit:cover\" srcset=\"https:\/\/www.minipferd.de\/wp-content\/uploads\/2024\/07\/IMG_4148-1024x683.jpg 1024w, https:\/\/www.minipferd.de\/wp-content\/uploads\/2024\/07\/IMG_4148-300x200.jpg 300w, https:\/\/www.minipferd.de\/wp-content\/uploads\/2024\/07\/IMG_4148-768x512.jpg 768w, https:\/\/www.minipferd.de\/wp-content\/uploads\/2024\/07\/IMG_4148-1536x1025.jpg 1536w, https:\/\/www.minipferd.de\/wp-content\/uploads\/2024\/07\/IMG_4148-1320x880.jpg 1320w, https:\/\/www.minipferd.de\/wp-content\/uploads\/2024\/07\/IMG_4148.jpg 2000w\" sizes=\"(max-width: 1024px) 100vw, 1024px\" \/><\/figure>\n<\/div><\/div>\n<\/div>\n\n\n\n<p class=\"has-yellow-color has-text-color has-link-color wp-elements-a896d4b8e280635f202e98b3f09791e1\">Tigerlilli ist eine absolut perfekte Stute. M\u00fctterlicherseits ist sie bereits die 4. Generation aus unserer eigenen Zucht. Sie besticht durch einen perfekten K\u00f6rperbau, lange zierliche Beinchen, einen kurzen R\u00fccken und ein wundersch\u00f6nes K\u00f6pfchen. Ihre Showerfolge sprechen f\u00fcr sich sie wurde mehrfacher GRAND &amp; SUPREME CHAMPION! Tigerlilli hat sich au\u00dferdem f\u00fcr die LANDESSCHAU qualifiziert.<\/p>\n\n\n\n<p class=\"has-yellow-color has-text-color has-link-color wp-elements-5f754d523cbfffb1cad3fae75c502144\"><strong>Tigerlilli ist tragend f\u00fcr 2026 vom bekannten Hengst &#8222;Jefferson&#8220;<\/strong><\/p>\n\n\n\n<ul class=\"wp-block-list has-yellow-color has-text-color has-link-color wp-elements-4aec20b18fc04cb784e6c44b7e8810fd\">\n<li><strong>Goldpr\u00e4miert vom Zuchtverband (Note 8,3)<\/strong><\/li>\n\n\n\n<li><strong>SIEGERSTUTE AMHA Show Belgien EU Breed IMHC Horses<\/strong><\/li>\n\n\n\n<li><strong>RESERVE SUPREME CHAMPION&nbsp;<\/strong> Belgien 2024<\/li>\n\n\n\n<li><strong>RESERVE GRAND CHAMPION<\/strong> Belgien 2024<\/li>\n\n\n\n<li>GRAND CHAMPION OPEN STOCK Belgien 2025<\/li>\n\n\n\n<li>SUPREME CHAMPION YOUTH BELGIEN 2025<\/li>\n\n\n\n<li>RESERVE SUPREME CHAMPION Belgien 2025<\/li>\n<\/ul>\n\n\n\n<div class=\"wp-block-columns is-layout-flex wp-container-core-columns-is-layout-1 wp-block-columns-is-layout-flex\">\n<div class=\"wp-block-column is-layout-flow wp-block-column-is-layout-flow\">\n<figure class=\"wp-block-image size-full\"><img loading=\"lazy\" decoding=\"async\" width=\"640\" height=\"427\" src=\"https:\/\/www.minipferd.de\/wp-content\/uploads\/2025\/05\/IMG_1954.jpeg\" alt=\"\" class=\"wp-image-2863\" srcset=\"https:\/\/www.minipferd.de\/wp-content\/uploads\/2025\/05\/IMG_1954.jpeg 640w, https:\/\/www.minipferd.de\/wp-content\/uploads\/2025\/05\/IMG_1954-300x200.jpeg 300w\" sizes=\"(max-width: 640px) 100vw, 640px\" \/><\/figure>\n<\/div>\n\n\n\n<div class=\"wp-block-column is-layout-flow wp-block-column-is-layout-flow\">\n<figure class=\"wp-block-image size-large\"><img loading=\"lazy\" decoding=\"async\" width=\"1024\" height=\"683\" src=\"https:\/\/www.minipferd.de\/wp-content\/uploads\/2025\/05\/IMG_1951-1-1024x683.jpeg\" alt=\"\" class=\"wp-image-2861\" srcset=\"https:\/\/www.minipferd.de\/wp-content\/uploads\/2025\/05\/IMG_1951-1-1024x683.jpeg 1024w, https:\/\/www.minipferd.de\/wp-content\/uploads\/2025\/05\/IMG_1951-1-300x200.jpeg 300w, https:\/\/www.minipferd.de\/wp-content\/uploads\/2025\/05\/IMG_1951-1-768x512.jpeg 768w, https:\/\/www.minipferd.de\/wp-content\/uploads\/2025\/05\/IMG_1951-1-1536x1024.jpeg 1536w, https:\/\/www.minipferd.de\/wp-content\/uploads\/2025\/05\/IMG_1951-1-1320x880.jpeg 1320w, https:\/\/www.minipferd.de\/wp-content\/uploads\/2025\/05\/IMG_1951-1.jpeg 1600w\" sizes=\"(max-width: 1024px) 100vw, 1024px\" \/><\/figure>\n<\/div>\n<\/div>\n\n\n\n<figure class=\"wp-block-image size-large\"><img loading=\"lazy\" decoding=\"async\" width=\"1024\" height=\"664\" src=\"https:\/\/www.minipferd.de\/wp-content\/uploads\/2025\/05\/IMG_2831-1-1024x664.jpeg\" alt=\"\" class=\"wp-image-2857\" srcset=\"https:\/\/www.minipferd.de\/wp-content\/uploads\/2025\/05\/IMG_2831-1-1024x664.jpeg 1024w, https:\/\/www.minipferd.de\/wp-content\/uploads\/2025\/05\/IMG_2831-1-300x194.jpeg 300w, https:\/\/www.minipferd.de\/wp-content\/uploads\/2025\/05\/IMG_2831-1-768x498.jpeg 768w, https:\/\/www.minipferd.de\/wp-content\/uploads\/2025\/05\/IMG_2831-1.jpeg 1282w\" sizes=\"(max-width: 1024px) 100vw, 1024px\" \/><\/figure>\n\n\n\n<figure class=\"wp-block-gallery has-nested-images columns-2 is-cropped wp-block-gallery-1 is-layout-flex wp-block-gallery-is-layout-flex\">\n<figure class=\"wp-block-image size-large\"><img loading=\"lazy\" decoding=\"async\" width=\"1024\" height=\"682\" data-id=\"2401\" src=\"https:\/\/www.minipferd.de\/wp-content\/uploads\/2024\/07\/IMG_4147-1024x682.jpg\" alt=\"\" class=\"wp-image-2401\" srcset=\"https:\/\/www.minipferd.de\/wp-content\/uploads\/2024\/07\/IMG_4147-1024x682.jpg 1024w, https:\/\/www.minipferd.de\/wp-content\/uploads\/2024\/07\/IMG_4147-300x200.jpg 300w, https:\/\/www.minipferd.de\/wp-content\/uploads\/2024\/07\/IMG_4147-768x512.jpg 768w, https:\/\/www.minipferd.de\/wp-content\/uploads\/2024\/07\/IMG_4147-1536x1024.jpg 1536w, https:\/\/www.minipferd.de\/wp-content\/uploads\/2024\/07\/IMG_4147-1320x880.jpg 1320w, https:\/\/www.minipferd.de\/wp-content\/uploads\/2024\/07\/IMG_4147.jpg 2000w\" sizes=\"(max-width: 1024px) 100vw, 1024px\" \/><\/figure>\n\n\n\n<figure class=\"wp-block-image size-large\"><img loading=\"lazy\" decoding=\"async\" width=\"1024\" height=\"682\" data-id=\"2404\" src=\"https:\/\/www.minipferd.de\/wp-content\/uploads\/2024\/07\/IMG_4149-1024x682.jpg\" alt=\"\" class=\"wp-image-2404\" srcset=\"https:\/\/www.minipferd.de\/wp-content\/uploads\/2024\/07\/IMG_4149-1024x682.jpg 1024w, https:\/\/www.minipferd.de\/wp-content\/uploads\/2024\/07\/IMG_4149-300x200.jpg 300w, https:\/\/www.minipferd.de\/wp-content\/uploads\/2024\/07\/IMG_4149-768x512.jpg 768w, https:\/\/www.minipferd.de\/wp-content\/uploads\/2024\/07\/IMG_4149-1536x1024.jpg 1536w, https:\/\/www.minipferd.de\/wp-content\/uploads\/2024\/07\/IMG_4149-1320x880.jpg 1320w, https:\/\/www.minipferd.de\/wp-content\/uploads\/2024\/07\/IMG_4149.jpg 2000w\" sizes=\"(max-width: 1024px) 100vw, 1024px\" \/><\/figure>\n\n\n\n<figure class=\"wp-block-image size-large\"><img loading=\"lazy\" decoding=\"async\" width=\"1024\" height=\"683\" data-id=\"2403\" src=\"https:\/\/www.minipferd.de\/wp-content\/uploads\/2024\/07\/IMG_4148-1024x683.jpg\" alt=\"\" class=\"wp-image-2403\" srcset=\"https:\/\/www.minipferd.de\/wp-content\/uploads\/2024\/07\/IMG_4148-1024x683.jpg 1024w, https:\/\/www.minipferd.de\/wp-content\/uploads\/2024\/07\/IMG_4148-300x200.jpg 300w, https:\/\/www.minipferd.de\/wp-content\/uploads\/2024\/07\/IMG_4148-768x512.jpg 768w, https:\/\/www.minipferd.de\/wp-content\/uploads\/2024\/07\/IMG_4148-1536x1025.jpg 1536w, https:\/\/www.minipferd.de\/wp-content\/uploads\/2024\/07\/IMG_4148-1320x880.jpg 1320w, https:\/\/www.minipferd.de\/wp-content\/uploads\/2024\/07\/IMG_4148.jpg 2000w\" sizes=\"(max-width: 1024px) 100vw, 1024px\" \/><\/figure>\n<\/figure>\n\n\n\n<figure class=\"wp-block-gallery has-nested-images columns-default is-cropped wp-block-gallery-2 is-layout-flex wp-block-gallery-is-layout-flex\">\n<figure class=\"wp-block-image size-large\"><img loading=\"lazy\" decoding=\"async\" width=\"1024\" height=\"683\" data-id=\"2276\" src=\"http:\/\/www.minipferd.de\/wp-content\/uploads\/2024\/05\/0A4A6027-1024x683.jpg\" alt=\"\" class=\"wp-image-2276\" srcset=\"https:\/\/www.minipferd.de\/wp-content\/uploads\/2024\/05\/0A4A6027-1024x683.jpg 1024w, https:\/\/www.minipferd.de\/wp-content\/uploads\/2024\/05\/0A4A6027-300x200.jpg 300w, https:\/\/www.minipferd.de\/wp-content\/uploads\/2024\/05\/0A4A6027-768x512.jpg 768w, https:\/\/www.minipferd.de\/wp-content\/uploads\/2024\/05\/0A4A6027-1536x1024.jpg 1536w, https:\/\/www.minipferd.de\/wp-content\/uploads\/2024\/05\/0A4A6027-1320x880.jpg 1320w, https:\/\/www.minipferd.de\/wp-content\/uploads\/2024\/05\/0A4A6027.jpg 1900w\" sizes=\"(max-width: 1024px) 100vw, 1024px\" \/><\/figure>\n\n\n\n<figure class=\"wp-block-image size-large\"><img loading=\"lazy\" decoding=\"async\" width=\"1024\" height=\"683\" data-id=\"2859\" src=\"https:\/\/www.minipferd.de\/wp-content\/uploads\/2025\/05\/IMG_1951-1024x683.jpeg\" alt=\"\" class=\"wp-image-2859\" srcset=\"https:\/\/www.minipferd.de\/wp-content\/uploads\/2025\/05\/IMG_1951-1024x683.jpeg 1024w, https:\/\/www.minipferd.de\/wp-content\/uploads\/2025\/05\/IMG_1951-300x200.jpeg 300w, https:\/\/www.minipferd.de\/wp-content\/uploads\/2025\/05\/IMG_1951-768x512.jpeg 768w, https:\/\/www.minipferd.de\/wp-content\/uploads\/2025\/05\/IMG_1951-1536x1024.jpeg 1536w, https:\/\/www.minipferd.de\/wp-content\/uploads\/2025\/05\/IMG_1951-1320x880.jpeg 1320w, https:\/\/www.minipferd.de\/wp-content\/uploads\/2025\/05\/IMG_1951.jpeg 1600w\" sizes=\"(max-width: 1024px) 100vw, 1024px\" \/><\/figure>\n<\/figure>\n\n\n\n<figure class=\"wp-block-image size-large\"><img loading=\"lazy\" decoding=\"async\" width=\"1024\" height=\"683\" src=\"http:\/\/www.minipferd.de\/wp-content\/uploads\/2024\/05\/0A4A6488-1024x683.jpg\" alt=\"\" class=\"wp-image-2273\" srcset=\"https:\/\/www.minipferd.de\/wp-content\/uploads\/2024\/05\/0A4A6488-1024x683.jpg 1024w, https:\/\/www.minipferd.de\/wp-content\/uploads\/2024\/05\/0A4A6488-300x200.jpg 300w, https:\/\/www.minipferd.de\/wp-content\/uploads\/2024\/05\/0A4A6488-768x512.jpg 768w, https:\/\/www.minipferd.de\/wp-content\/uploads\/2024\/05\/0A4A6488-1536x1024.jpg 1536w, https:\/\/www.minipferd.de\/wp-content\/uploads\/2024\/05\/0A4A6488-1320x880.jpg 1320w, https:\/\/www.minipferd.de\/wp-content\/uploads\/2024\/05\/0A4A6488.jpg 1900w\" sizes=\"(max-width: 1024px) 100vw, 1024px\" \/><\/figure>\n\n\n\n<figure class=\"wp-block-image size-large\"><img loading=\"lazy\" decoding=\"async\" width=\"1024\" height=\"683\" src=\"http:\/\/www.minipferd.de\/wp-content\/uploads\/2024\/05\/0A4A6802-1024x683.jpg\" alt=\"\" class=\"wp-image-2272\" srcset=\"https:\/\/www.minipferd.de\/wp-content\/uploads\/2024\/05\/0A4A6802-1024x683.jpg 1024w, https:\/\/www.minipferd.de\/wp-content\/uploads\/2024\/05\/0A4A6802-300x200.jpg 300w, https:\/\/www.minipferd.de\/wp-content\/uploads\/2024\/05\/0A4A6802-768x512.jpg 768w, https:\/\/www.minipferd.de\/wp-content\/uploads\/2024\/05\/0A4A6802-1536x1024.jpg 1536w, https:\/\/www.minipferd.de\/wp-content\/uploads\/2024\/05\/0A4A6802-1320x880.jpg 1320w, https:\/\/www.minipferd.de\/wp-content\/uploads\/2024\/05\/0A4A6802.jpg 1900w\" sizes=\"(max-width: 1024px) 100vw, 1024px\" \/><\/figure>\n\n\n\n<figure class=\"wp-block-gallery has-nested-images columns-0 is-cropped wp-block-gallery-3 is-layout-flex wp-block-gallery-is-layout-flex\">\n<figure class=\"wp-block-image size-large\"><img loading=\"lazy\" decoding=\"async\" width=\"1024\" height=\"683\" data-id=\"1365\" src=\"http:\/\/www.minipferd.de\/wp-content\/uploads\/2022\/01\/7550_Tigerlilli-1024x683.jpg\" alt=\"\" class=\"wp-image-1365\" srcset=\"https:\/\/www.minipferd.de\/wp-content\/uploads\/2022\/01\/7550_Tigerlilli-1024x683.jpg 1024w, https:\/\/www.minipferd.de\/wp-content\/uploads\/2022\/01\/7550_Tigerlilli-350x233.jpg 350w, https:\/\/www.minipferd.de\/wp-content\/uploads\/2022\/01\/7550_Tigerlilli-300x200.jpg 300w, https:\/\/www.minipferd.de\/wp-content\/uploads\/2022\/01\/7550_Tigerlilli-768x512.jpg 768w, https:\/\/www.minipferd.de\/wp-content\/uploads\/2022\/01\/7550_Tigerlilli-1536x1024.jpg 1536w, https:\/\/www.minipferd.de\/wp-content\/uploads\/2022\/01\/7550_Tigerlilli-2048x1366.jpg 2048w\" sizes=\"(max-width: 1024px) 100vw, 1024px\" \/><\/figure>\n\n\n\n<figure class=\"wp-block-image size-large\"><img loading=\"lazy\" decoding=\"async\" width=\"1024\" height=\"683\" data-id=\"1393\" src=\"http:\/\/www.minipferd.de\/wp-content\/uploads\/2022\/01\/MO1A8800_Web-1024x683.jpg\" alt=\"\" class=\"wp-image-1393\" srcset=\"https:\/\/www.minipferd.de\/wp-content\/uploads\/2022\/01\/MO1A8800_Web-1024x683.jpg 1024w, https:\/\/www.minipferd.de\/wp-content\/uploads\/2022\/01\/MO1A8800_Web-350x233.jpg 350w, https:\/\/www.minipferd.de\/wp-content\/uploads\/2022\/01\/MO1A8800_Web-300x200.jpg 300w, https:\/\/www.minipferd.de\/wp-content\/uploads\/2022\/01\/MO1A8800_Web-768x512.jpg 768w, https:\/\/www.minipferd.de\/wp-content\/uploads\/2022\/01\/MO1A8800_Web-1536x1024.jpg 1536w, https:\/\/www.minipferd.de\/wp-content\/uploads\/2022\/01\/MO1A8800_Web.jpg 1600w\" sizes=\"(max-width: 1024px) 100vw, 1024px\" \/><\/figure>\n\n\n\n<figure class=\"wp-block-image size-large\"><img loading=\"lazy\" decoding=\"async\" width=\"1024\" height=\"683\" data-id=\"1339\" src=\"http:\/\/www.minipferd.de\/wp-content\/uploads\/2022\/01\/Tigerlilly4-1024x683.jpg\" alt=\"\" class=\"wp-image-1339\" srcset=\"https:\/\/www.minipferd.de\/wp-content\/uploads\/2022\/01\/Tigerlilly4-1024x683.jpg 1024w, https:\/\/www.minipferd.de\/wp-content\/uploads\/2022\/01\/Tigerlilly4-350x233.jpg 350w, https:\/\/www.minipferd.de\/wp-content\/uploads\/2022\/01\/Tigerlilly4-300x200.jpg 300w, https:\/\/www.minipferd.de\/wp-content\/uploads\/2022\/01\/Tigerlilly4-768x512.jpg 768w, https:\/\/www.minipferd.de\/wp-content\/uploads\/2022\/01\/Tigerlilly4-1536x1024.jpg 1536w, https:\/\/www.minipferd.de\/wp-content\/uploads\/2022\/01\/Tigerlilly4.jpg 2048w\" sizes=\"(max-width: 1024px) 100vw, 1024px\" \/><\/figure>\n\n\n\n<figure class=\"wp-block-image size-large\"><img loading=\"lazy\" decoding=\"async\" width=\"1024\" height=\"683\" data-id=\"1338\" src=\"http:\/\/www.minipferd.de\/wp-content\/uploads\/2022\/01\/Tigerlilly3-1024x683.jpg\" alt=\"\" class=\"wp-image-1338\" srcset=\"https:\/\/www.minipferd.de\/wp-content\/uploads\/2022\/01\/Tigerlilly3-1024x683.jpg 1024w, https:\/\/www.minipferd.de\/wp-content\/uploads\/2022\/01\/Tigerlilly3-350x233.jpg 350w, https:\/\/www.minipferd.de\/wp-content\/uploads\/2022\/01\/Tigerlilly3-300x200.jpg 300w, https:\/\/www.minipferd.de\/wp-content\/uploads\/2022\/01\/Tigerlilly3-768x512.jpg 768w, https:\/\/www.minipferd.de\/wp-content\/uploads\/2022\/01\/Tigerlilly3-1536x1024.jpg 1536w, https:\/\/www.minipferd.de\/wp-content\/uploads\/2022\/01\/Tigerlilly3.jpg 2048w\" sizes=\"(max-width: 1024px) 100vw, 1024px\" \/><\/figure>\n<\/figure>\n\n\n\n<div class=\"wp-block-columns is-layout-flex wp-container-core-columns-is-layout-2 wp-block-columns-is-layout-flex\">\n<div class=\"wp-block-column is-layout-flow wp-block-column-is-layout-flow\">\n<h2 class=\"wp-block-heading has-yellow-color has-text-color has-link-color wp-elements-e65adc70db04c25da0a91c793407737c\">Mutter<\/h2>\n\n\n\n<figure class=\"wp-block-image size-large\"><a href=\"http:\/\/www.minipferd.de\/?page_id=567\"><img loading=\"lazy\" decoding=\"async\" width=\"1024\" height=\"683\" src=\"http:\/\/www.minipferd.de\/wp-content\/uploads\/2022\/01\/MO1A0512_Web-1024x683.jpg\" alt=\"\" class=\"wp-image-1436\" style=\"aspect-ratio:4\/3;object-fit:cover\" srcset=\"https:\/\/www.minipferd.de\/wp-content\/uploads\/2022\/01\/MO1A0512_Web-1024x683.jpg 1024w, https:\/\/www.minipferd.de\/wp-content\/uploads\/2022\/01\/MO1A0512_Web-350x233.jpg 350w, https:\/\/www.minipferd.de\/wp-content\/uploads\/2022\/01\/MO1A0512_Web-300x200.jpg 300w, https:\/\/www.minipferd.de\/wp-content\/uploads\/2022\/01\/MO1A0512_Web-768x512.jpg 768w, https:\/\/www.minipferd.de\/wp-content\/uploads\/2022\/01\/MO1A0512_Web-1536x1024.jpg 1536w, https:\/\/www.minipferd.de\/wp-content\/uploads\/2022\/01\/MO1A0512_Web-2048x1365.jpg 2048w\" sizes=\"(max-width: 1024px) 100vw, 1024px\" \/><\/a><figcaption class=\"wp-element-caption\"><span style=\"background-color:rgba(0, 0, 0, 0)\" class=\"has-inline-color has-yellow-color\">CS Royal Stands Coco Chanel<\/span><\/figcaption><\/figure>\n<\/div>\n\n\n\n<div class=\"wp-block-column is-layout-flow wp-block-column-is-layout-flow\">\n<h2 class=\"wp-block-heading has-yellow-color has-text-color has-link-color wp-elements-803cca7432fbcea4f0bdd70459a4a4a1\">Vater<\/h2>\n\n\n\n<figure class=\"wp-block-image size-full\"><img loading=\"lazy\" decoding=\"async\" width=\"640\" height=\"499\" src=\"http:\/\/www.minipferd.de\/wp-content\/uploads\/2024\/08\/image1-1.jpeg\" alt=\"\" class=\"wp-image-2604\" style=\"aspect-ratio:4\/3;object-fit:cover\" srcset=\"https:\/\/www.minipferd.de\/wp-content\/uploads\/2024\/08\/image1-1.jpeg 640w, https:\/\/www.minipferd.de\/wp-content\/uploads\/2024\/08\/image1-1-300x234.jpeg 300w\" sizes=\"(max-width: 640px) 100vw, 640px\" \/><figcaption class=\"wp-element-caption\"><span style=\"background-color:rgba(0, 0, 0, 0)\" class=\"has-inline-color has-yellow-color\"> D<\/span>ream of Ducati<\/figcaption><\/figure>\n<\/div>\n<\/div>\n\n\n\n<div class=\"wp-block-group\"><div class=\"wp-block-group__inner-container is-layout-constrained wp-block-group-is-layout-constrained\">\n<h2 class=\"wp-block-heading has-yellow-color has-text-color has-link-color wp-elements-0c034ee003aa4e1e0e3f0b832b76332e\">Fohlen<\/h2>\n\n\n\n<div class=\"wp-block-columns is-layout-flex wp-container-core-columns-is-layout-3 wp-block-columns-is-layout-flex\">\n<div class=\"wp-block-column is-layout-flow wp-block-column-is-layout-flow\"><\/div>\n\n\n\n<div class=\"wp-block-column is-layout-flow wp-block-column-is-layout-flow\"><\/div>\n<\/div>\n<\/div><\/div>\n","protected":false},"excerpt":{"rendered":"<p>Spitzname: LilliGeboren: 10.03.21Gr\u00f6\u00dfe: 77 cmFarbe: Fuchstiger Tigerlilli ist eine absolut perfekte Stute. M\u00fctterlicherseits ist sie bereits die 4. Generation aus unserer eigenen Zucht. Sie besticht durch einen perfekten K\u00f6rperbau, lange zierliche Beinchen, einen kurzen R\u00fccken und ein wundersch\u00f6nes K\u00f6pfchen. Ihre Showerfolge sprechen f\u00fcr sich sie wurde mehrfacher GRAND &amp; SUPREME CHAMPION! Tigerlilli hat sich au\u00dferdem &hellip; <a href=\"https:\/\/www.minipferd.de\/?page_id=1350\" class=\"more-link\"><span class=\"screen-reader-text\">JS Royal Cocos Tigerlilli<\/span> weiterlesen<\/a><\/p>\n","protected":false},"author":1,"featured_media":0,"parent":249,"menu_order":1,"comment_status":"closed","ping_status":"closed","template":"","meta":{"footnotes":""},"class_list":["post-1350","page","type-page","status-publish","hentry"],"_links":{"self":[{"href":"https:\/\/www.minipferd.de\/index.php?rest_route=\/wp\/v2\/pages\/1350"}],"collection":[{"href":"https:\/\/www.minipferd.de\/index.php?rest_route=\/wp\/v2\/pages"}],"about":[{"href":"https:\/\/www.minipferd.de\/index.php?rest_route=\/wp\/v2\/types\/page"}],"author":[{"embeddable":true,"href":"https:\/\/www.minipferd.de\/index.php?rest_route=\/wp\/v2\/users\/1"}],"replies":[{"embeddable":true,"href":"https:\/\/www.minipferd.de\/index.php?rest_route=%2Fwp%2Fv2%2Fcomments&post=1350"}],"version-history":[{"count":22,"href":"https:\/\/www.minipferd.de\/index.php?rest_route=\/wp\/v2\/pages\/1350\/revisions"}],"predecessor-version":[{"id":2944,"href":"https:\/\/www.minipferd.de\/index.php?rest_route=\/wp\/v2\/pages\/1350\/revisions\/2944"}],"up":[{"embeddable":true,"href":"https:\/\/www.minipferd.de\/index.php?rest_route=\/wp\/v2\/pages\/249"}],"wp:attachment":[{"href":"https:\/\/www.minipferd.de\/index.php?rest_route=%2Fwp%2Fv2%2Fmedia&parent=1350"}],"curies":[{"name":"wp","href":"https:\/\/api.w.org\/{rel}","templated":true}]}}