{"id":2670,"date":"2024-08-22T09:17:22","date_gmt":"2024-08-22T07:17:22","guid":{"rendered":"https:\/\/www.minipferd.de\/?page_id=2670"},"modified":"2025-09-10T13:07:06","modified_gmt":"2025-09-10T11:07:06","slug":"js-royal-sweet-cinderella","status":"publish","type":"page","link":"http:\/\/www.minipferd.de\/?page_id=2670","title":{"rendered":"JS Royal Sweet Cinderella"},"content":{"rendered":"\n<div class=\"wp-block-group mobile-flex-reverse is-nowrap is-layout-flex wp-container-core-group-is-layout-3 wp-block-group-is-layout-flex\">\n<div class=\"wp-block-group wp-container-content-1\"><div class=\"wp-block-group__inner-container is-layout-constrained wp-block-group-is-layout-constrained\">\n<p class=\"has-yellow-color has-text-color has-link-color wp-elements-b3ed8c3364df884d54fb7afc189776d4\">Spitzname: Cindy<br>Geboren: 02.05.2024<br>Gr\u00f6\u00dfe: 79cm<br>Farbe: Buckskintiger<\/p>\n<\/div><\/div>\n\n\n\n<div class=\"wp-block-group wp-container-content-2\"><div class=\"wp-block-group__inner-container is-layout-constrained wp-block-group-is-layout-constrained\">\n<figure class=\"wp-block-image size-full is-style-default\"><img loading=\"lazy\" decoding=\"async\" width=\"2560\" height=\"1706\" src=\"http:\/\/www.minipferd.de\/wp-content\/uploads\/2024\/07\/IMG_4297-scaled.jpg\" alt=\"\" class=\"wp-image-2419\" style=\"aspect-ratio:4\/3;object-fit:cover\" srcset=\"http:\/\/www.minipferd.de\/wp-content\/uploads\/2024\/07\/IMG_4297-scaled.jpg 2560w, http:\/\/www.minipferd.de\/wp-content\/uploads\/2024\/07\/IMG_4297-300x200.jpg 300w, http:\/\/www.minipferd.de\/wp-content\/uploads\/2024\/07\/IMG_4297-1024x683.jpg 1024w, http:\/\/www.minipferd.de\/wp-content\/uploads\/2024\/07\/IMG_4297-768x512.jpg 768w, http:\/\/www.minipferd.de\/wp-content\/uploads\/2024\/07\/IMG_4297-1536x1024.jpg 1536w, http:\/\/www.minipferd.de\/wp-content\/uploads\/2024\/07\/IMG_4297-2048x1365.jpg 2048w, http:\/\/www.minipferd.de\/wp-content\/uploads\/2024\/07\/IMG_4297-1320x880.jpg 1320w\" sizes=\"(max-width: 2560px) 100vw, 2560px\" \/><\/figure>\n<\/div><\/div>\n<\/div>\n\n\n\n<p class=\"has-yellow-color has-text-color has-link-color wp-elements-dfe60c1511e045d9997c4efff60768c2\">Mein abosolutes Traumfohlen wurde geboren! Sch\u00f6ner h\u00e4tten wir diese kleine Dame definitiv nicht zeichnen k\u00f6nnen. Noch dazu verf\u00fcgt sie \u00fcber herausragende Bewegungen und ein ausgezeichnetes Exterieur. Bei ihr stimmt einfach wirklich ALLES.<\/p>\n\n\n\n<p class=\"has-yellow-color has-text-color has-link-color wp-elements-06a4e944fcc2468e1e817b9711faa5b9\">Showerfolge:<br>AMHA CHAMPION YOUTH Junior Mares<br>AMHA STOCK CLASS RESERVE CHAMPION MARES<\/p>\n\n\n\n<figure class=\"wp-block-image size-large\"><img loading=\"lazy\" decoding=\"async\" width=\"1024\" height=\"683\" src=\"http:\/\/www.minipferd.de\/wp-content\/uploads\/2025\/09\/DSC_8580-1024x683.jpg\" alt=\"\" class=\"wp-image-2956\" srcset=\"http:\/\/www.minipferd.de\/wp-content\/uploads\/2025\/09\/DSC_8580-1024x683.jpg 1024w, http:\/\/www.minipferd.de\/wp-content\/uploads\/2025\/09\/DSC_8580-300x200.jpg 300w, http:\/\/www.minipferd.de\/wp-content\/uploads\/2025\/09\/DSC_8580-768x512.jpg 768w, http:\/\/www.minipferd.de\/wp-content\/uploads\/2025\/09\/DSC_8580-1536x1024.jpg 1536w, http:\/\/www.minipferd.de\/wp-content\/uploads\/2025\/09\/DSC_8580-2048x1365.jpg 2048w, http:\/\/www.minipferd.de\/wp-content\/uploads\/2025\/09\/DSC_8580-1320x880.jpg 1320w\" sizes=\"(max-width: 1024px) 100vw, 1024px\" \/><\/figure>\n\n\n\n<figure class=\"wp-block-image size-large\"><img loading=\"lazy\" decoding=\"async\" width=\"1024\" height=\"683\" src=\"http:\/\/www.minipferd.de\/wp-content\/uploads\/2025\/09\/DSC_8532-1024x683.jpg\" alt=\"\" class=\"wp-image-2952\" srcset=\"http:\/\/www.minipferd.de\/wp-content\/uploads\/2025\/09\/DSC_8532-1024x683.jpg 1024w, http:\/\/www.minipferd.de\/wp-content\/uploads\/2025\/09\/DSC_8532-300x200.jpg 300w, http:\/\/www.minipferd.de\/wp-content\/uploads\/2025\/09\/DSC_8532-768x512.jpg 768w, http:\/\/www.minipferd.de\/wp-content\/uploads\/2025\/09\/DSC_8532-1536x1024.jpg 1536w, http:\/\/www.minipferd.de\/wp-content\/uploads\/2025\/09\/DSC_8532-2048x1366.jpg 2048w, http:\/\/www.minipferd.de\/wp-content\/uploads\/2025\/09\/DSC_8532-1320x880.jpg 1320w\" sizes=\"(max-width: 1024px) 100vw, 1024px\" \/><\/figure>\n\n\n\n<figure class=\"wp-block-gallery has-nested-images columns-default is-cropped wp-block-gallery-1 is-layout-flex wp-block-gallery-is-layout-flex\">\n<figure class=\"wp-block-image size-large\"><img loading=\"lazy\" decoding=\"async\" width=\"2485\" height=\"1657\" data-id=\"2961\" src=\"https:\/\/www.minipferd.de\/wp-content\/uploads\/2025\/09\/DSC_9264-edited.jpg\" alt=\"\" class=\"wp-image-2961\" srcset=\"http:\/\/www.minipferd.de\/wp-content\/uploads\/2025\/09\/DSC_9264-edited.jpg 2485w, http:\/\/www.minipferd.de\/wp-content\/uploads\/2025\/09\/DSC_9264-edited-300x200.jpg 300w, http:\/\/www.minipferd.de\/wp-content\/uploads\/2025\/09\/DSC_9264-edited-1024x683.jpg 1024w, http:\/\/www.minipferd.de\/wp-content\/uploads\/2025\/09\/DSC_9264-edited-768x512.jpg 768w, http:\/\/www.minipferd.de\/wp-content\/uploads\/2025\/09\/DSC_9264-edited-1536x1024.jpg 1536w, http:\/\/www.minipferd.de\/wp-content\/uploads\/2025\/09\/DSC_9264-edited-2048x1366.jpg 2048w, http:\/\/www.minipferd.de\/wp-content\/uploads\/2025\/09\/DSC_9264-edited-1320x880.jpg 1320w\" sizes=\"(max-width: 2485px) 100vw, 2485px\" \/><\/figure>\n<\/figure>\n\n\n\n<figure class=\"wp-block-image size-large\"><img loading=\"lazy\" decoding=\"async\" width=\"1024\" height=\"683\" src=\"http:\/\/www.minipferd.de\/wp-content\/uploads\/2025\/09\/EU7A5812-1024x683.jpeg\" alt=\"\" class=\"wp-image-2884\" srcset=\"http:\/\/www.minipferd.de\/wp-content\/uploads\/2025\/09\/EU7A5812-1024x683.jpeg 1024w, http:\/\/www.minipferd.de\/wp-content\/uploads\/2025\/09\/EU7A5812-300x200.jpeg 300w, http:\/\/www.minipferd.de\/wp-content\/uploads\/2025\/09\/EU7A5812-768x512.jpeg 768w, http:\/\/www.minipferd.de\/wp-content\/uploads\/2025\/09\/EU7A5812-1536x1024.jpeg 1536w, http:\/\/www.minipferd.de\/wp-content\/uploads\/2025\/09\/EU7A5812-2048x1365.jpeg 2048w, http:\/\/www.minipferd.de\/wp-content\/uploads\/2025\/09\/EU7A5812-1320x880.jpeg 1320w\" sizes=\"(max-width: 1024px) 100vw, 1024px\" \/><\/figure>\n\n\n\n<figure class=\"wp-block-gallery has-nested-images columns-default is-cropped wp-block-gallery-2 is-layout-flex wp-block-gallery-is-layout-flex\">\n<figure class=\"wp-block-image size-large\"><img loading=\"lazy\" decoding=\"async\" width=\"1024\" height=\"683\" data-id=\"2883\" src=\"https:\/\/www.minipferd.de\/wp-content\/uploads\/2025\/09\/EU7A5815-1024x683.jpeg\" alt=\"\" class=\"wp-image-2883\" srcset=\"http:\/\/www.minipferd.de\/wp-content\/uploads\/2025\/09\/EU7A5815-1024x683.jpeg 1024w, http:\/\/www.minipferd.de\/wp-content\/uploads\/2025\/09\/EU7A5815-300x200.jpeg 300w, http:\/\/www.minipferd.de\/wp-content\/uploads\/2025\/09\/EU7A5815-768x512.jpeg 768w, http:\/\/www.minipferd.de\/wp-content\/uploads\/2025\/09\/EU7A5815-1536x1025.jpeg 1536w, http:\/\/www.minipferd.de\/wp-content\/uploads\/2025\/09\/EU7A5815-2048x1366.jpeg 2048w, http:\/\/www.minipferd.de\/wp-content\/uploads\/2025\/09\/EU7A5815-1320x881.jpeg 1320w\" sizes=\"(max-width: 1024px) 100vw, 1024px\" \/><\/figure>\n\n\n\n<figure class=\"wp-block-image size-large\"><img loading=\"lazy\" decoding=\"async\" width=\"1024\" height=\"682\" data-id=\"2882\" src=\"https:\/\/www.minipferd.de\/wp-content\/uploads\/2025\/09\/EU7A5784-1024x682.jpeg\" alt=\"\" class=\"wp-image-2882\" srcset=\"http:\/\/www.minipferd.de\/wp-content\/uploads\/2025\/09\/EU7A5784-1024x682.jpeg 1024w, http:\/\/www.minipferd.de\/wp-content\/uploads\/2025\/09\/EU7A5784-300x200.jpeg 300w, http:\/\/www.minipferd.de\/wp-content\/uploads\/2025\/09\/EU7A5784-768x512.jpeg 768w, http:\/\/www.minipferd.de\/wp-content\/uploads\/2025\/09\/EU7A5784-1536x1024.jpeg 1536w, http:\/\/www.minipferd.de\/wp-content\/uploads\/2025\/09\/EU7A5784-2048x1365.jpeg 2048w, http:\/\/www.minipferd.de\/wp-content\/uploads\/2025\/09\/EU7A5784-1320x880.jpeg 1320w\" sizes=\"(max-width: 1024px) 100vw, 1024px\" \/><\/figure>\n<\/figure>\n\n\n\n<figure class=\"wp-block-gallery has-nested-images columns-default is-cropped wp-block-gallery-3 is-layout-flex wp-block-gallery-is-layout-flex\">\n<figure class=\"wp-block-image size-large\"><img loading=\"lazy\" decoding=\"async\" width=\"427\" height=\"640\" data-id=\"2705\" src=\"http:\/\/www.minipferd.de\/wp-content\/uploads\/2024\/08\/5F3A0206.jpg\" alt=\"\" class=\"wp-image-2705\" srcset=\"http:\/\/www.minipferd.de\/wp-content\/uploads\/2024\/08\/5F3A0206.jpg 427w, http:\/\/www.minipferd.de\/wp-content\/uploads\/2024\/08\/5F3A0206-200x300.jpg 200w\" sizes=\"(max-width: 427px) 100vw, 427px\" \/><\/figure>\n\n\n\n<figure class=\"wp-block-image size-large\"><img loading=\"lazy\" decoding=\"async\" width=\"427\" height=\"640\" data-id=\"2700\" src=\"http:\/\/www.minipferd.de\/wp-content\/uploads\/2024\/08\/5F3A0013.jpg\" alt=\"\" class=\"wp-image-2700\" srcset=\"http:\/\/www.minipferd.de\/wp-content\/uploads\/2024\/08\/5F3A0013.jpg 427w, http:\/\/www.minipferd.de\/wp-content\/uploads\/2024\/08\/5F3A0013-200x300.jpg 200w\" sizes=\"(max-width: 427px) 100vw, 427px\" \/><\/figure>\n<\/figure>\n\n\n\n<figure class=\"wp-block-gallery has-nested-images columns-default is-cropped wp-block-gallery-4 is-layout-flex wp-block-gallery-is-layout-flex\">\n<figure class=\"wp-block-image size-large\"><img loading=\"lazy\" decoding=\"async\" width=\"640\" height=\"427\" data-id=\"2704\" src=\"http:\/\/www.minipferd.de\/wp-content\/uploads\/2024\/08\/5F3A0026-1.jpg\" alt=\"\" class=\"wp-image-2704\" srcset=\"http:\/\/www.minipferd.de\/wp-content\/uploads\/2024\/08\/5F3A0026-1.jpg 640w, http:\/\/www.minipferd.de\/wp-content\/uploads\/2024\/08\/5F3A0026-1-300x200.jpg 300w\" sizes=\"(max-width: 640px) 100vw, 640px\" \/><\/figure>\n<\/figure>\n\n\n\n<figure class=\"wp-block-image size-full\"><img loading=\"lazy\" decoding=\"async\" width=\"640\" height=\"427\" src=\"http:\/\/www.minipferd.de\/wp-content\/uploads\/2024\/08\/5F3A0132.jpg\" alt=\"\" class=\"wp-image-2703\" srcset=\"http:\/\/www.minipferd.de\/wp-content\/uploads\/2024\/08\/5F3A0132.jpg 640w, http:\/\/www.minipferd.de\/wp-content\/uploads\/2024\/08\/5F3A0132-300x200.jpg 300w\" sizes=\"(max-width: 640px) 100vw, 640px\" \/><\/figure>\n\n\n\n<div class=\"wp-block-columns is-layout-flex wp-container-core-columns-is-layout-1 wp-block-columns-is-layout-flex\">\n<div class=\"wp-block-column has-yellow-color has-text-color has-link-color wp-elements-7dc77f8a8bd6f86b27ce2748b4d9679b is-layout-flow wp-block-column-is-layout-flow\">\n<h2 class=\"wp-block-heading\">Mutter<\/h2>\n\n\n\n<figure class=\"wp-block-image size-large is-resized\"><img loading=\"lazy\" decoding=\"async\" width=\"1024\" height=\"762\" src=\"http:\/\/www.minipferd.de\/wp-content\/uploads\/2024\/06\/WhatsApp-Image-2024-06-19-at-11.01.04-1024x762.jpeg\" alt=\"\" class=\"wp-image-2357\" style=\"aspect-ratio:1.3333333333333333;object-fit:cover;width:302px;height:auto\" srcset=\"http:\/\/www.minipferd.de\/wp-content\/uploads\/2024\/06\/WhatsApp-Image-2024-06-19-at-11.01.04-1024x762.jpeg 1024w, http:\/\/www.minipferd.de\/wp-content\/uploads\/2024\/06\/WhatsApp-Image-2024-06-19-at-11.01.04-300x223.jpeg 300w, http:\/\/www.minipferd.de\/wp-content\/uploads\/2024\/06\/WhatsApp-Image-2024-06-19-at-11.01.04-768x572.jpeg 768w, http:\/\/www.minipferd.de\/wp-content\/uploads\/2024\/06\/WhatsApp-Image-2024-06-19-at-11.01.04-1536x1144.jpeg 1536w, http:\/\/www.minipferd.de\/wp-content\/uploads\/2024\/06\/WhatsApp-Image-2024-06-19-at-11.01.04-2048x1525.jpeg 2048w, http:\/\/www.minipferd.de\/wp-content\/uploads\/2024\/06\/WhatsApp-Image-2024-06-19-at-11.01.04-1320x983.jpeg 1320w\" sizes=\"(max-width: 1024px) 100vw, 1024px\" \/><figcaption class=\"wp-element-caption\"><mark style=\"background-color:rgba(0, 0, 0, 0)\" class=\"has-inline-color has-yellow-color\"><a href=\"https:\/\/www.minipferd.de\/?page_id=2564\" data-type=\"page\" data-id=\"2564\">Canterbury Artic Queen<\/a><\/mark><\/figcaption><\/figure>\n<\/div>\n\n\n\n<div class=\"wp-block-column has-yellow-color has-text-color has-link-color wp-elements-04baa663e2ecb793818eb3be72daf205 is-layout-flow wp-block-column-is-layout-flow\">\n<h2 class=\"wp-block-heading\">Vater<\/h2>\n\n\n\n<figure class=\"wp-block-image size-large is-resized\"><img loading=\"lazy\" decoding=\"async\" width=\"1024\" height=\"713\" src=\"http:\/\/www.minipferd.de\/wp-content\/uploads\/2024\/08\/IMG_6967-1024x713.jpg\" alt=\"\" class=\"wp-image-2708\" style=\"width:325px;height:auto\" srcset=\"http:\/\/www.minipferd.de\/wp-content\/uploads\/2024\/08\/IMG_6967-1024x713.jpg 1024w, http:\/\/www.minipferd.de\/wp-content\/uploads\/2024\/08\/IMG_6967-300x209.jpg 300w, http:\/\/www.minipferd.de\/wp-content\/uploads\/2024\/08\/IMG_6967-768x535.jpg 768w, http:\/\/www.minipferd.de\/wp-content\/uploads\/2024\/08\/IMG_6967.jpg 1152w\" sizes=\"(max-width: 1024px) 100vw, 1024px\" \/><\/figure>\n\n\n\n<p class=\"has-text-align-center has-yellow-color has-text-color has-link-color wp-elements-c9c8e054b5c0963ab7b4265e7e30e7e6\">Limelights Beautiful Boy<\/p>\n<\/div>\n<\/div>\n","protected":false},"excerpt":{"rendered":"<p>Spitzname: CindyGeboren: 02.05.2024Gr\u00f6\u00dfe: 79cmFarbe: Buckskintiger Mein abosolutes Traumfohlen wurde geboren! Sch\u00f6ner h\u00e4tten wir diese kleine Dame definitiv nicht zeichnen k\u00f6nnen. Noch dazu verf\u00fcgt sie \u00fcber herausragende Bewegungen und ein ausgezeichnetes Exterieur. Bei ihr stimmt einfach wirklich ALLES. Showerfolge:AMHA CHAMPION YOUTH Junior MaresAMHA STOCK CLASS RESERVE CHAMPION MARES Mutter Vater Limelights Beautiful Boy<\/p>\n","protected":false},"author":2,"featured_media":0,"parent":249,"menu_order":1,"comment_status":"closed","ping_status":"closed","template":"","meta":{"footnotes":""},"class_list":["post-2670","page","type-page","status-publish","hentry"],"_links":{"self":[{"href":"http:\/\/www.minipferd.de\/index.php?rest_route=\/wp\/v2\/pages\/2670"}],"collection":[{"href":"http:\/\/www.minipferd.de\/index.php?rest_route=\/wp\/v2\/pages"}],"about":[{"href":"http:\/\/www.minipferd.de\/index.php?rest_route=\/wp\/v2\/types\/page"}],"author":[{"embeddable":true,"href":"http:\/\/www.minipferd.de\/index.php?rest_route=\/wp\/v2\/users\/2"}],"replies":[{"embeddable":true,"href":"http:\/\/www.minipferd.de\/index.php?rest_route=%2Fwp%2Fv2%2Fcomments&post=2670"}],"version-history":[{"count":13,"href":"http:\/\/www.minipferd.de\/index.php?rest_route=\/wp\/v2\/pages\/2670\/revisions"}],"predecessor-version":[{"id":2966,"href":"http:\/\/www.minipferd.de\/index.php?rest_route=\/wp\/v2\/pages\/2670\/revisions\/2966"}],"up":[{"embeddable":true,"href":"http:\/\/www.minipferd.de\/index.php?rest_route=\/wp\/v2\/pages\/249"}],"wp:attachment":[{"href":"http:\/\/www.minipferd.de\/index.php?rest_route=%2Fwp%2Fv2%2Fmedia&parent=2670"}],"curies":[{"name":"wp","href":"https:\/\/api.w.org\/{rel}","templated":true}]}}